{"id":62252,"date":"2023-09-20T16:49:00","date_gmt":"2023-09-20T20:49:00","guid":{"rendered":"https:\/\/localhost:10096\/conference-speakers\/frank-davis\/"},"modified":"2023-10-20T05:58:44","modified_gmt":"2023-10-20T09:58:44","slug":"frank-davis","status":"publish","type":"conference-speakers","link":"https:\/\/upstateinternational.org\/de\/conference-speakers\/frank-davis\/","title":{"rendered":"Frank Davis"},"content":{"rendered":"<p>Frank Davis vertritt sowohl b\u00f6rsennotierte als auch private Unternehmen, darunter Familienbetriebe, bei Unternehmensk\u00e4ufen, -verk\u00e4ufen, Joint Ventures, strategischen Allianzen, Wirtschaftsf\u00f6rderungsma\u00dfnahmen und allgemeinen Vertragsverhandlungen. Er verf\u00fcgt \u00fcber besondere Expertise in der Beratung von Unternehmen mit Sitz au\u00dferhalb der USA im Zusammenhang mit Transaktionen und Gesch\u00e4ftst\u00e4tigkeiten in den USA sowie in der Koordination interdisziplin\u00e4rer Teams. Er besitzt einen LL.M. im Steuerrecht und umfassende Erfahrung in Rechtsfragen der Unternehmensstandortwahl und -expansion. Frank Davis fungiert h\u00e4ufig als federf\u00fchrender externer Anwalt und koordiniert die Erbringung aller erforderlichen Rechtsdienstleistungen zur Erf\u00fcllung der Mandantenbed\u00fcrfnisse.<\/p>","protected":false},"excerpt":{"rendered":"","protected":false},"featured_media":62273,"template":"","conference-years":[63],"class_list":["post-62252","conference-speakers","type-conference-speakers","status-publish","has-post-thumbnail","hentry","conference-years-2023-conference-speakers"],"acf":[],"_links":{"self":[{"href":"https:\/\/upstateinternational.org\/de\/wp-json\/wp\/v2\/conference-speakers\/62252","targetHints":{"allow":["GET"]}}],"collection":[{"href":"https:\/\/upstateinternational.org\/de\/wp-json\/wp\/v2\/conference-speakers"}],"about":[{"href":"https:\/\/upstateinternational.org\/de\/wp-json\/wp\/v2\/types\/conference-speakers"}],"version-history":[{"count":0,"href":"https:\/\/upstateinternational.org\/de\/wp-json\/wp\/v2\/conference-speakers\/62252\/revisions"}],"wp:featuredmedia":[{"embeddable":true,"href":"https:\/\/upstateinternational.org\/de\/wp-json\/wp\/v2\/media\/62273"}],"wp:attachment":[{"href":"https:\/\/upstateinternational.org\/de\/wp-json\/wp\/v2\/media?parent=62252"}],"wp:term":[{"taxonomy":"conference-years","embeddable":true,"href":"https:\/\/upstateinternational.org\/de\/wp-json\/wp\/v2\/conference-years?post=62252"}],"curies":[{"name":"wp","href":"https:\/\/api.w.org\/{rel}","templated":true}]}}