{"id":60004,"date":"2023-04-21T03:22:26","date_gmt":"2023-04-21T07:22:26","guid":{"rendered":"https:\/\/localhost:10096\/conference-speakers\/christian-tschurtschenthaler\/"},"modified":"2023-08-22T22:35:03","modified_gmt":"2023-08-23T02:35:03","slug":"christian-tschurtschenthaler","status":"publish","type":"conference-speakers","link":"https:\/\/upstateinternational.org\/es\/conference-speakers\/christian-tschurtschenthaler\/","title":{"rendered":"Christian Tschurtschenthaler"},"content":{"rendered":"<p>El Sr. Tschurtschenthaler ha adquirido m\u00e1s de 20 a\u00f1os de experiencia trabajando en diversos proyectos durante su tiempo en el Grupo BMW. Comenz\u00f3 su carrera en planificaci\u00f3n t\u00e9cnica en la Planta MINI de Oxford, en el Reino Unido, y continu\u00f3 en la f\u00e1brica de motores de Steyr, Austria. En 2010, el Sr. Tschurtschenthaler se incorpor\u00f3 a la Planta BMW de Spartanburg, en Carolina del Sur, como responsable principal de la fase de ejecuci\u00f3n de la planificaci\u00f3n t\u00e9cnica para la segunda nave de montaje. Esto le llev\u00f3 a dedicar 10 a\u00f1os al desarrollo de productos y a la responsabilidad general de los productos de la Clase Lujo de BMW, que incluye los modelos BMW Serie 7, iX y X producidos en Carolina del Sur. En 2022, el Sr. Tschurtschenthaler regres\u00f3 a sus ra\u00edces en la planificaci\u00f3n de la Planta Spartanburg. Debido a la r\u00e1pida evoluci\u00f3n de la industria automotriz, los retos que ahora enfrenta para satisfacer las expectativas de los clientes requieren mayor flexibilidad, creatividad y adaptabilidad en el desarrollo de productos y los procesos de producci\u00f3n que antes. La declaraci\u00f3n de misi\u00f3n de la Planta Spartanburg, &quot;Construyendo nuestro legado, impulsando nuestro futuro&quot;, lo describe a la perfecci\u00f3n.<\/p>","protected":false},"excerpt":{"rendered":"","protected":false},"featured_media":58368,"template":"","conference-years":[64,63],"class_list":["post-60004","conference-speakers","type-conference-speakers","status-publish","has-post-thumbnail","hentry","conference-years-2022-conference-speakers","conference-years-2023-conference-speakers"],"acf":[],"_links":{"self":[{"href":"https:\/\/upstateinternational.org\/es\/wp-json\/wp\/v2\/conference-speakers\/60004","targetHints":{"allow":["GET"]}}],"collection":[{"href":"https:\/\/upstateinternational.org\/es\/wp-json\/wp\/v2\/conference-speakers"}],"about":[{"href":"https:\/\/upstateinternational.org\/es\/wp-json\/wp\/v2\/types\/conference-speakers"}],"version-history":[{"count":0,"href":"https:\/\/upstateinternational.org\/es\/wp-json\/wp\/v2\/conference-speakers\/60004\/revisions"}],"wp:featuredmedia":[{"embeddable":true,"href":"https:\/\/upstateinternational.org\/es\/wp-json\/wp\/v2\/media\/58368"}],"wp:attachment":[{"href":"https:\/\/upstateinternational.org\/es\/wp-json\/wp\/v2\/media?parent=60004"}],"wp:term":[{"taxonomy":"conference-years","embeddable":true,"href":"https:\/\/upstateinternational.org\/es\/wp-json\/wp\/v2\/conference-years?post=60004"}],"curies":[{"name":"wp","href":"https:\/\/api.w.org\/{rel}","templated":true}]}}