{"id":60055,"date":"2023-05-15T18:05:00","date_gmt":"2023-05-15T22:05:00","guid":{"rendered":"https:\/\/localhost:10096\/conference-speakers\/alexander-schad\/"},"modified":"2023-08-22T22:35:04","modified_gmt":"2023-08-23T02:35:04","slug":"alexander-schad","status":"publish","type":"conference-speakers","link":"https:\/\/upstateinternational.org\/es\/conference-speakers\/alexander-schad\/","title":{"rendered":"Alejandro Schad"},"content":{"rendered":"<p>Alexander Schad es licenciado por la Universidad de Carolina del Sur y tiene una maestr\u00eda en administraci\u00f3n de empresas (MBA) de la Escuela de Negocios Kellogg de la Universidad Northwestern. Durante los \u00faltimos 23 a\u00f1os, ha trabajado en Nedlloyd Lines (Coral Gables, Florida) y Frederic Schad (Rep\u00fablica Dominicana). Actualmente preside la junta directiva de esta \u00faltima, una empresa regional de log\u00edstica que representa a DHL Global Forwarding en seis pa\u00edses del Caribe. Alexander fue presidente de la Asociaci\u00f3n Dominicana de Agentes de Carga (ADACAM), presidente de la Asociaci\u00f3n Dominicana de Operadores Log\u00edsticos (Asologic), tesorero de la Asociaci\u00f3n Latinoamericana de Agentes de Carga (ALACAT) y presidente del Comit\u00e9 de Facilitaci\u00f3n del Comercio de la C\u00e1mara de Comercio Dominico-Americana. Alexander es miembro de la junta directiva de Frederic Schad, Haina International Terminals, DR Trade, Dragados del Caribe y Despachos Portuarios Hispaniola, entre otras.<\/p>","protected":false},"excerpt":{"rendered":"","protected":false},"featured_media":58427,"template":"","conference-years":[63],"class_list":["post-60055","conference-speakers","type-conference-speakers","status-publish","has-post-thumbnail","hentry","conference-years-2023-conference-speakers"],"acf":[],"_links":{"self":[{"href":"https:\/\/upstateinternational.org\/es\/wp-json\/wp\/v2\/conference-speakers\/60055","targetHints":{"allow":["GET"]}}],"collection":[{"href":"https:\/\/upstateinternational.org\/es\/wp-json\/wp\/v2\/conference-speakers"}],"about":[{"href":"https:\/\/upstateinternational.org\/es\/wp-json\/wp\/v2\/types\/conference-speakers"}],"version-history":[{"count":0,"href":"https:\/\/upstateinternational.org\/es\/wp-json\/wp\/v2\/conference-speakers\/60055\/revisions"}],"wp:featuredmedia":[{"embeddable":true,"href":"https:\/\/upstateinternational.org\/es\/wp-json\/wp\/v2\/media\/58427"}],"wp:attachment":[{"href":"https:\/\/upstateinternational.org\/es\/wp-json\/wp\/v2\/media?parent=60055"}],"wp:term":[{"taxonomy":"conference-years","embeddable":true,"href":"https:\/\/upstateinternational.org\/es\/wp-json\/wp\/v2\/conference-years?post=60055"}],"curies":[{"name":"wp","href":"https:\/\/api.w.org\/{rel}","templated":true}]}}