{"id":60032,"date":"2023-04-21T10:20:02","date_gmt":"2023-04-21T14:20:02","guid":{"rendered":"https:\/\/localhost:10096\/conference-speakers\/henrik-larsen\/"},"modified":"2023-04-21T10:20:02","modified_gmt":"2023-04-21T14:20:02","slug":"henrik-larsen","status":"publish","type":"conference-speakers","link":"https:\/\/upstateinternational.org\/fi\/conference-speakers\/henrik-larsen\/","title":{"rendered":"Henrik Larsen"},"content":{"rendered":"<p>Henrik Larsen on prikaatikenraali Tanskan kuninkaallisissa ilmavoimissa, jolla on yli 39 vuoden palveluskokemus. H\u00e4n on toiminut useissa kansallisissa ja kansainv\u00e4lisiss\u00e4 johto- ja komentoteht\u00e4viss\u00e4, mukaan lukien useissa Naton p\u00e4\u00e4majan teht\u00e4viss\u00e4, Yhdistyneiden Kansakuntien teht\u00e4viss\u00e4 sek\u00e4 Tanskan ilmavoimien taktisen siiven komentavana upseerina, ilmavoimien koulutuskeskuksessa ja Tanskan puolustusvoimien yhteisten operaatioiden divisioonanp\u00e4\u00e4llikk\u00f6n\u00e4. H\u00e4n toimi my\u00f6s Tanskan kuningattaren adjutanttina. H\u00e4n toimi vanhempana sotilasneuvonantajana Yhdistyneiden Kansakuntien avustusoperaatiossa Afganistanissa vuosina 2011\u20132012. H\u00e4n valmistui vuonna 1997 Yhdysvaltain ilmavoimien komento- ja esikuntakorkeakoulusta Maxwellin lentotukikohdasta Alabamasta.<\/p>\r\n\r\n\r\n\r\n<p>Vanhempana kansallisena edustajana h\u00e4n johtaa t\u00e4ll\u00e4 hetkell\u00e4 Tanskan yhteysyksikk\u00f6\u00e4 osana Yhdysvaltain keskuskomentoliittoa, jonka ty\u00f6h\u00f6n kuuluu rauhan ja vakauden edist\u00e4minen keskuskomennon vastuualueella. H\u00e4n toimii my\u00f6s koalition puheenjohtajana, ja h\u00e4nen johtamis- ja koordinointitoimensa Tanskan puolesta edist\u00e4v\u00e4t suoraan kansainv\u00e4lisen koalition pyrkimyksi\u00e4 puuttua L\u00e4hi-id\u00e4n ja maailman ep\u00e4vakauttavaan tilanteeseen.<\/p>\r\n\r\n\r\n\r\n<p>Henrik Larsen on naimisissa Sannen kanssa. H\u00e4nell\u00e4 on kolme lasta (Julie, Catrine ja Nikolai) ja kolme lastenlasta.<\/p>","protected":false},"excerpt":{"rendered":"","protected":false},"featured_media":58338,"template":"","conference-years":[64],"class_list":["post-60032","conference-speakers","type-conference-speakers","status-publish","has-post-thumbnail","hentry","conference-years-2022-conference-speakers"],"acf":[],"_links":{"self":[{"href":"https:\/\/upstateinternational.org\/fi\/wp-json\/wp\/v2\/conference-speakers\/60032","targetHints":{"allow":["GET"]}}],"collection":[{"href":"https:\/\/upstateinternational.org\/fi\/wp-json\/wp\/v2\/conference-speakers"}],"about":[{"href":"https:\/\/upstateinternational.org\/fi\/wp-json\/wp\/v2\/types\/conference-speakers"}],"version-history":[{"count":0,"href":"https:\/\/upstateinternational.org\/fi\/wp-json\/wp\/v2\/conference-speakers\/60032\/revisions"}],"wp:featuredmedia":[{"embeddable":true,"href":"https:\/\/upstateinternational.org\/fi\/wp-json\/wp\/v2\/media\/58338"}],"wp:attachment":[{"href":"https:\/\/upstateinternational.org\/fi\/wp-json\/wp\/v2\/media?parent=60032"}],"wp:term":[{"taxonomy":"conference-years","embeddable":true,"href":"https:\/\/upstateinternational.org\/fi\/wp-json\/wp\/v2\/conference-years?post=60032"}],"curies":[{"name":"wp","href":"https:\/\/api.w.org\/{rel}","templated":true}]}}