{"id":60053,"date":"2023-05-13T17:38:00","date_gmt":"2023-05-13T21:38:00","guid":{"rendered":"https:\/\/localhost:10096\/conference-speakers\/mary-kay-magistad\/"},"modified":"2023-08-22T22:35:04","modified_gmt":"2023-08-23T02:35:04","slug":"mary-kay-magistad","status":"publish","type":"conference-speakers","link":"https:\/\/upstateinternational.org\/fi\/conference-speakers\/mary-kay-magistad\/","title":{"rendered":"Mary Kay Magistad"},"content":{"rendered":"<p><b>Mary Kay Magistad<\/b><span style=\"font-weight: 400;\"> on Asia Societyn Yhdysvaltojen ja Kiinan suhteiden keskuksen varajohtaja ja palkittu toimittaja, joka on asunut ja raportoinut It\u00e4-Aasiassa yli kahden vuosikymmenen ajan, muun muassa Kiinassa NPR:lle (1995\u20131999) ja PRX:n The World -ohjelmalle (2003\u201313). H\u00e4n on raportoinut jokaisessa Kiinan maakunnassa, useimmissa Aasian maissa ja joissakin Afrikan maissa siit\u00e4, miten Kiinan nousu on vaikuttanut yksil\u00f6iden el\u00e4m\u00e4\u00e4n ja sill\u00e4 on ollut globaalia vaikutusta, ammentaen kontekstia aiemmasta kokemuksestaan Kaakkois-Aasian kirjeenvaihtajana (1988\u20131995).\u00a0<\/span><\/p>\n<p><span style=\"font-weight: 400;\">Ilmastonmuutos on ollut yksi Mary Kayn painopistealueista sek\u00e4 It\u00e4-Aasiassa ett\u00e4 nyt Asia Societyssa, jossa h\u00e4n loi ja is\u00e4nn\u00f6i<\/span><a href=\"https:\/\/asiasociety.org\/center-us-china-relations\/coal-ice-podcast\"> <span style=\"font-weight: 400;\">COAL + ICE -podcast<\/span><\/a><span style=\"font-weight: 400;\">, joka tarjoaa maailmanlaajuisia keskusteluja siit\u00e4, miten ilmastonmuutos koetaan ymp\u00e4ri maailmaa, millaisilla vaikutuksilla ja mill\u00e4 toimilla pyrit\u00e4\u00e4n v\u00e4hent\u00e4m\u00e4\u00e4n tulevia haittoja ja riskej\u00e4. Mary Kay my\u00f6s<\/span><a href=\"https:\/\/www.youtube.com\/watch?v=MkLGxgCIARE\"> <span style=\"font-weight: 400;\">raportoitu Gr\u00f6nlannissa<\/span><\/a><span style=\"font-weight: 400;\">, CBS Interactivella juuri ennen COP27-kokousta marraskuussa 2022 esitettyyn juttuun, jossa kerrotaan, miten ilmastonmuutos kiihdytt\u00e4\u00e4 napaj\u00e4\u00e4tik\u00f6n sulamista, mik\u00e4 puolestaan kiihdytt\u00e4\u00e4 ilmastonmuutosta noidankeh\u00e4ss\u00e4.<\/span><\/p>\n<p><span style=\"font-weight: 400;\">H\u00e4nen Global Reporting Centren podcastissaan,<\/span><a href=\"https:\/\/globalreportingcentre.org\/on-chinas-new-silk-road-podcast\/\"> <span style=\"font-weight: 400;\">Kiinan uudella silkkitiell\u00e4<\/span><\/a><span style=\"font-weight: 400;\"> (2020) Mary Kay raportoi viidell\u00e4 mantereella yhteisty\u00f6ss\u00e4 paikallisten toimittajien kanssa siit\u00e4, miten Kiinan globaalit tavoitteet yleisesti ja erityisesti sen Belt &amp; Road -aloite n\u00e4kyv\u00e4t ja tuntuvat ymp\u00e4ri maailmaa. Podcast l\u00e4hetettiin tiivistetyss\u00e4 muodossa PRX:n &quot;The World&quot; -ohjelmassa ja Australiassa ABC:ll\u00e4 (Australia), ja Scripps Howard ja One World Media Awards (Iso-Britannia) tunnustivat sen yhdeksi kolmesta parhaasta finalistista \u00e4\u00e4nipalkintojen kategoriassa. Mary Kayn aiempi podcast PRX:n The Worldin kanssa...\u201c<\/span><a href=\"https:\/\/theworld.org\/century\"> <span style=\"font-weight: 400;\">Kenen vuosisata nyt on?<\/span><\/a><span style=\"font-weight: 400;\">, Webby-palkinnon voittaja, syventyi ideoihin, trendeihin ja k\u00e4\u00e4nteisiin, jotka muokkaavat valtadynamiikkaa ymp\u00e4ri maailmaa t\u00e4ll\u00e4 vuosisadalla.\u00a0\u00a0<\/span><\/p>\n<p><span style=\"font-weight: 400;\">Mary Kay on Council on Foreign Relationsin j\u00e4sen ja on ollut Nieman- ja Radcliffe-stipendiaatti Harvardin yliopistossa. H\u00e4nell\u00e4 on maisterin tutkinto Sussexin yliopistosta kansainv\u00e4lisist\u00e4 suhteista, erikoisalanaan kehitystutkimus, sek\u00e4 kandidaatin tutkinto Northwestern Universityst\u00e4 journalismin ja historian alalta. H\u00e4n toimii puheenjohtajana Global Voicesin hallituksessa, joka on kansainv\u00e4linen, monikielinen kirjailijoiden, k\u00e4\u00e4nt\u00e4jien ja ihmisoikeusaktivistien yhteis\u00f6, joka hy\u00f6dynt\u00e4\u00e4 internetin voimaa kertoakseen tarinoita, jotka rakentavat ymm\u00e4rryst\u00e4 yli rajojen. H\u00e4n on opettanut kansainv\u00e4list\u00e4 journalismia ja \u00e4\u00e4nijournalismia Kalifornian yliopiston Berkeleyn journalismin tiedekunnassa, jossa h\u00e4n johti \u00e4\u00e4nijournalismin laitosta. H\u00e4n asuu San Franciscossa.<\/span><\/p>\n<p>\u00a0<\/p>","protected":false},"excerpt":{"rendered":"","protected":false},"featured_media":58445,"template":"","conference-years":[63],"class_list":["post-60053","conference-speakers","type-conference-speakers","status-publish","has-post-thumbnail","hentry","conference-years-2023-conference-speakers"],"acf":[],"_links":{"self":[{"href":"https:\/\/upstateinternational.org\/fi\/wp-json\/wp\/v2\/conference-speakers\/60053","targetHints":{"allow":["GET"]}}],"collection":[{"href":"https:\/\/upstateinternational.org\/fi\/wp-json\/wp\/v2\/conference-speakers"}],"about":[{"href":"https:\/\/upstateinternational.org\/fi\/wp-json\/wp\/v2\/types\/conference-speakers"}],"version-history":[{"count":0,"href":"https:\/\/upstateinternational.org\/fi\/wp-json\/wp\/v2\/conference-speakers\/60053\/revisions"}],"wp:featuredmedia":[{"embeddable":true,"href":"https:\/\/upstateinternational.org\/fi\/wp-json\/wp\/v2\/media\/58445"}],"wp:attachment":[{"href":"https:\/\/upstateinternational.org\/fi\/wp-json\/wp\/v2\/media?parent=60053"}],"wp:term":[{"taxonomy":"conference-years","embeddable":true,"href":"https:\/\/upstateinternational.org\/fi\/wp-json\/wp\/v2\/conference-years?post=60053"}],"curies":[{"name":"wp","href":"https:\/\/api.w.org\/{rel}","templated":true}]}}