{"id":62245,"date":"2023-09-05T16:14:00","date_gmt":"2023-09-05T20:14:00","guid":{"rendered":"https:\/\/localhost:10096\/conference-speakers\/aaron-brickman\/"},"modified":"2023-10-20T05:58:50","modified_gmt":"2023-10-20T09:58:50","slug":"aaron-brickman","status":"publish","type":"conference-speakers","link":"https:\/\/upstateinternational.org\/fi\/conference-speakers\/aaron-brickman\/","title":{"rendered":"Aaron Brickman"},"content":{"rendered":"<p>Aaron on menestynyt yritt\u00e4j\u00e4n\u00e4, ongelmanratkaisijana ja johtajana sek\u00e4 julkisella ett\u00e4 yksityisell\u00e4 sektorilla. H\u00e4nell\u00e4 on 25 vuoden kokemus investointi-, kauppa- ja kilpailukykyohjelmien rakentamisesta ja johtamisesta niin hallituksessa kuin sen ulkopuolellakin. H\u00e4n toimii t\u00e4ll\u00e4 hetkell\u00e4 vanhempana johtajana RMI:n Yhdysvaltain ohjelmassa ja johtaa aloitetta, jolla pyrit\u00e4\u00e4n vauhdittamaan puhtaan energian k\u00e4ytt\u00f6\u00f6nottoa ja cleantech-toimitusketjun valmistusinvestointeja Yhdysvalloissa.<\/p>\n<p>Ennen RMI:lle tuloaan Aaron toimi Global Business Alliancen varatoimitusjohtajana, osana organisaation johtoryhm\u00e4\u00e4 ja vastuussa kaikesta tuottoon ja toimintaan liittyv\u00e4st\u00e4. T\u00e4ss\u00e4 roolissa h\u00e4n ty\u00f6skenteli kymmenien Fortune Global 500 -yritysten johtoryhm\u00e4n ja ylemm\u00e4n johdon kanssa ja johti pyrkimyksi\u00e4 luoda uusia suhteita kansainv\u00e4lisiin yrityksiin, diplomaattiyhteis\u00f6\u00f6n ja strategisiin kumppaneihin ymp\u00e4ri maailmaa.<\/p>\n<p>Ennen GBA:lle tuloaan Aaron oli SelectUSA:n perustajaj\u00e4sen ja varatoimitusjohtaja. SelectUSA on Yhdysvaltain kauppaministeri\u00f6n alainen maailmanlaajuinen virasto, jonka teht\u00e4v\u00e4n\u00e4 on edist\u00e4\u00e4 ja helpottaa ulkomaisia suoria sijoituksia (FDI) Yhdysvaltoihin. Tuona aikana Aaron auttoi varmistamaan viraston historian ensimm\u00e4isen kongressin budjettim\u00e4\u00e4r\u00e4rahan, johti ohjelman strategiaa ja toimintaa \u2013 raportoiden kauppaministeri\u00f6n johdolle ja Valkoiselle talolle \u2013 neuvoi satoja kaupunkeja ja osavaltioita parhaista k\u00e4yt\u00e4nn\u00f6ist\u00e4 ja toimi oikeusasiamiehen\u00e4 yrityksille, jotka kohtasivat liittovaltion politiikkaan tai s\u00e4\u00e4ntelyyn liittyvi\u00e4 ongelmia. Aaron puhuu s\u00e4\u00e4nn\u00f6llisesti yleis\u00f6lle ja medialle talouskehityksest\u00e4, suorista ulkomaisista sijoituksista ja kilpailukyvyst\u00e4. H\u00e4nen ty\u00f6ns\u00e4 on vienyt h\u00e4net yli 60 maahan.<\/p>\n<p>Aaronilla on maisterin tutkinto kansainv\u00e4lisist\u00e4 suhteista Chicagon yliopistosta ja kandidaatin tutkinto American Universitysta. H\u00e4n on my\u00f6s opiskellut talouskasvua Harvardin yliopiston Kennedy School of Governmentissa ja s\u00e4hk\u00f6ist\u00e4 kaupank\u00e4ynti\u00e4 Pennsylvanian yliopiston Wharton School of Businessissa. H\u00e4n on tunnustettu asiantuntija suorien ulkomaisten sijoitusten politiikassa ja jopa opettaa aihetta McCourt School of Public Policyssa Georgetownin yliopistossa.<\/p>","protected":false},"excerpt":{"rendered":"","protected":false},"featured_media":62256,"template":"","conference-years":[63],"class_list":["post-62245","conference-speakers","type-conference-speakers","status-publish","has-post-thumbnail","hentry","conference-years-2023-conference-speakers"],"acf":[],"_links":{"self":[{"href":"https:\/\/upstateinternational.org\/fi\/wp-json\/wp\/v2\/conference-speakers\/62245","targetHints":{"allow":["GET"]}}],"collection":[{"href":"https:\/\/upstateinternational.org\/fi\/wp-json\/wp\/v2\/conference-speakers"}],"about":[{"href":"https:\/\/upstateinternational.org\/fi\/wp-json\/wp\/v2\/types\/conference-speakers"}],"version-history":[{"count":0,"href":"https:\/\/upstateinternational.org\/fi\/wp-json\/wp\/v2\/conference-speakers\/62245\/revisions"}],"wp:featuredmedia":[{"embeddable":true,"href":"https:\/\/upstateinternational.org\/fi\/wp-json\/wp\/v2\/media\/62256"}],"wp:attachment":[{"href":"https:\/\/upstateinternational.org\/fi\/wp-json\/wp\/v2\/media?parent=62245"}],"wp:term":[{"taxonomy":"conference-years","embeddable":true,"href":"https:\/\/upstateinternational.org\/fi\/wp-json\/wp\/v2\/conference-years?post=62245"}],"curies":[{"name":"wp","href":"https:\/\/api.w.org\/{rel}","templated":true}]}}