{"id":62250,"date":"2023-10-01T14:08:00","date_gmt":"2023-10-01T18:08:00","guid":{"rendered":"https:\/\/localhost:10096\/conference-speakers\/david-olave\/"},"modified":"2023-10-20T05:51:12","modified_gmt":"2023-10-20T09:51:12","slug":"david-olave","status":"publish","type":"conference-speakers","link":"https:\/\/upstateinternational.org\/fi\/conference-speakers\/david-olave\/","title":{"rendered":"David Olave"},"content":{"rendered":"<p style=\"font-weight: 400;\">David Olave on Sandler, Travis &amp; Rosenberg, PA:n apulainen ja kauppapoliittinen neuvonantaja. H\u00e4n hy\u00f6dynt\u00e4\u00e4 ainutlaatuista yhdistelm\u00e4\u00e4 kokemusta tullilains\u00e4\u00e4d\u00e4nn\u00f6st\u00e4, kauppaneuvotteluista, lains\u00e4\u00e4d\u00e4nt\u00f6menettelyist\u00e4, edunvalvonnasta ja kansalaisyhteiskunnan osallistamisesta neuvoen asiakkaita oikeudellisissa kysymyksiss\u00e4, kauppaan liittyv\u00e4n lains\u00e4\u00e4d\u00e4nn\u00f6n vaikutuksista ja ty\u00f6skennelless\u00e4\u00e4n Yhdysvaltain hallituksen kanssa asiakkaiden tarpeiden t\u00e4ytt\u00e4miseksi. H\u00e4nen asiantuntemuksensa alueita ovat vapaakauppasopimusneuvottelut, etuusohjelmat, kansainv\u00e4liset ty\u00f6- ja yritysten yhteiskuntavastuun standardit, toimitusketjun l\u00e4pin\u00e4kyvyys sek\u00e4 tehokkaiden hallitussuhteiden ja viestint\u00e4strategioiden suunnittelu yritysasiakkaille. H\u00e4n on edustanut asiakkaiden etuja edustajainhuoneen vero- ja tullivaliokunnissa, senaatin valtiovarainvaliokunnissa, edustajainhuoneen ulkoasiainvaliokunnissa ja senaatin ulkosuhdevaliokunnissa sek\u00e4 eri liittovaltion virastoissa, kuten Yhdysvaltain tulli- ja rajavartiolaitoksessa, kotimaan turvallisuusministeri\u00f6ss\u00e4, Yhdysvaltain kauppaedustajassa, ty\u00f6ministeri\u00f6ss\u00e4, kauppaministeri\u00f6ss\u00e4, ulkoministeri\u00f6ss\u00e4 ja kansainv\u00e4lisen kauppakomission edess\u00e4.<\/p>\n<p style=\"font-weight: 400;\">Herra Olave on suorittanut oikeustieteen tohtorin tutkinnon Catholic University of America Columbus School of Law&#039;ssa, maisterin tutkinnon kansainv\u00e4lisess\u00e4 kauppapolitiikassa George Masonin yliopistossa ja kandidaatin tutkinnon kansainv\u00e4lisess\u00e4 politiikassa ja liiketoiminnassa Brigham Youngin yliopistossa. H\u00e4n puhuu sujuvasti espanjaa ja portugalia.<\/p>","protected":false},"excerpt":{"rendered":"","protected":false},"featured_media":62271,"template":"","conference-years":[63],"class_list":["post-62250","conference-speakers","type-conference-speakers","status-publish","has-post-thumbnail","hentry","conference-years-2023-conference-speakers"],"acf":[],"_links":{"self":[{"href":"https:\/\/upstateinternational.org\/fi\/wp-json\/wp\/v2\/conference-speakers\/62250","targetHints":{"allow":["GET"]}}],"collection":[{"href":"https:\/\/upstateinternational.org\/fi\/wp-json\/wp\/v2\/conference-speakers"}],"about":[{"href":"https:\/\/upstateinternational.org\/fi\/wp-json\/wp\/v2\/types\/conference-speakers"}],"version-history":[{"count":0,"href":"https:\/\/upstateinternational.org\/fi\/wp-json\/wp\/v2\/conference-speakers\/62250\/revisions"}],"wp:featuredmedia":[{"embeddable":true,"href":"https:\/\/upstateinternational.org\/fi\/wp-json\/wp\/v2\/media\/62271"}],"wp:attachment":[{"href":"https:\/\/upstateinternational.org\/fi\/wp-json\/wp\/v2\/media?parent=62250"}],"wp:term":[{"taxonomy":"conference-years","embeddable":true,"href":"https:\/\/upstateinternational.org\/fi\/wp-json\/wp\/v2\/conference-years?post=62250"}],"curies":[{"name":"wp","href":"https:\/\/api.w.org\/{rel}","templated":true}]}}