{"id":62259,"date":"2023-09-14T15:27:00","date_gmt":"2023-09-14T19:27:00","guid":{"rendered":"https:\/\/localhost:10096\/conference-speakers\/maggi-whiston\/"},"modified":"2023-10-20T05:57:25","modified_gmt":"2023-10-20T09:57:25","slug":"maggi-whiston","status":"publish","type":"conference-speakers","link":"https:\/\/upstateinternational.org\/fi\/conference-speakers\/maggi-whiston\/","title":{"rendered":"Maggi Whiston"},"content":{"rendered":"<p>Maggi Whiston on dynaaminen opiskelija, joka suorittaa kansainv\u00e4lisen liiketoiminnan kaksoistutkintoa Etel\u00e4-Carolinan yliopistossa ja aikoo viett\u00e4\u00e4 toisen lukuvuotensa Shanghain Jiao Tong -yliopistossa Kiinassa. H\u00e4nen kiinnostuksensa kansainv\u00e4lisiin kulttuureihin alkoi nuoruudessaan espanjan kielen kielikylpyohjelman kautta, ja h\u00e4n jatkaa kielitaitojensa laajentamista itsen\u00e4isesti opiskelemalla mandariinikiinaa.<\/p>\n<p>Clemsonin yliopistosta graafisen viestinn\u00e4n ja markkinoinnin kandidaatin tutkinnon suorittanut Maggi syvent\u00e4\u00e4 akateemista osaamistaan yhdist\u00e4m\u00e4ll\u00e4 k\u00e4yt\u00e4nn\u00f6n kokemustaan ty\u00f6el\u00e4m\u00e4st\u00e4. H\u00e4n suoritti kaksi vuotta harjoittelun globaalilla valmistusalan johtajalla Milliken &amp; Companylla ennen kuin aloitti kokop\u00e4iv\u00e4isen\u00e4 ty\u00f6ss\u00e4 vuonna 2019. Markkinointistrategina Maggi teki yhteisty\u00f6t\u00e4 viiden liiketoimintayksik\u00f6n kanssa, joiden tuotteet kattavat yli 12 eri markkina-aluetta. H\u00e4n tuki EMEA- ja APAC-alueiden ty\u00f6ntekij\u00f6it\u00e4 n\u00e4iden kansainv\u00e4listen markkinoiden tehokkaassa hy\u00f6dynt\u00e4misess\u00e4. Lis\u00e4ksi Maggi johti Multicultural Engagement Resource Groupin kulttuurisen sitoutumisen alakomiteaa osoittaen sitoutumistaan ty\u00f6paikan monimuotoisuuden edist\u00e4miseen.<\/p>\n<p>Maggi palasi akateemiseen maailmaan hiomaan asiantuntemustaan kansainv\u00e4lisen markkinakehityksen parissa. P\u00e4\u00e4t\u00f6s sai inspiraationsa h\u00e4nen halustaan ihmiskeskeiseen uraan ja mahdollisuudesta asua ulkomailla. Ammatillisen ja akateemisen ty\u00f6n lis\u00e4ksi h\u00e4n on vahvasti mukana yhteis\u00f6palvelussa. Maggi tekee vapaaehtoisty\u00f6t\u00e4 Greenvillen yhteis\u00f6tapahtumissa ja toimii Piedmont Young Leaders -lahjoittajaverkoston United Wayn puheenjohtajana. H\u00e4n oli aiemmin Upstate Internationalin hallituksen j\u00e4sen.<\/p>","protected":false},"excerpt":{"rendered":"","protected":false},"featured_media":62278,"template":"","conference-years":[63],"class_list":["post-62259","conference-speakers","type-conference-speakers","status-publish","has-post-thumbnail","hentry","conference-years-2023-conference-speakers"],"acf":[],"_links":{"self":[{"href":"https:\/\/upstateinternational.org\/fi\/wp-json\/wp\/v2\/conference-speakers\/62259","targetHints":{"allow":["GET"]}}],"collection":[{"href":"https:\/\/upstateinternational.org\/fi\/wp-json\/wp\/v2\/conference-speakers"}],"about":[{"href":"https:\/\/upstateinternational.org\/fi\/wp-json\/wp\/v2\/types\/conference-speakers"}],"version-history":[{"count":0,"href":"https:\/\/upstateinternational.org\/fi\/wp-json\/wp\/v2\/conference-speakers\/62259\/revisions"}],"wp:featuredmedia":[{"embeddable":true,"href":"https:\/\/upstateinternational.org\/fi\/wp-json\/wp\/v2\/media\/62278"}],"wp:attachment":[{"href":"https:\/\/upstateinternational.org\/fi\/wp-json\/wp\/v2\/media?parent=62259"}],"wp:term":[{"taxonomy":"conference-years","embeddable":true,"href":"https:\/\/upstateinternational.org\/fi\/wp-json\/wp\/v2\/conference-years?post=62259"}],"curies":[{"name":"wp","href":"https:\/\/api.w.org\/{rel}","templated":true}]}}