{"id":89274,"date":"2024-03-22T16:25:04","date_gmt":"2024-03-22T20:25:04","guid":{"rendered":"https:\/\/ui-hybrid.local\/ui-events\/salsa-at-sunset-july\/"},"modified":"2024-03-22T16:25:04","modified_gmt":"2024-03-22T20:25:04","slug":"salsa-at-sunset-july","status":"publish","type":"ui-events","link":"https:\/\/upstateinternational.org\/fi\/ui-events\/salsa-at-sunset-july\/","title":{"rendered":"Salsa auringonlaskun aikaan \u2013 hein\u00e4kuu"},"content":{"rendered":"<div data-elementor-type=\"wp-post\" data-elementor-id=\"89274\" class=\"elementor elementor-89274\" data-elementor-post-type=\"ui-events\">\n\t\t\t\t<div class=\"elementor-element elementor-element-176e4940 e-flex e-con-boxed e-con e-parent\" data-id=\"176e4940\" data-element_type=\"container\" data-e-type=\"container\">\n\t\t\t\t\t<div class=\"e-con-inner\">\n\t\t\t\t<div class=\"elementor-element elementor-element-78fe7dcf elementor-widget elementor-widget-text-editor\" data-id=\"78fe7dcf\" data-element_type=\"widget\" data-e-type=\"widget\" data-widget_type=\"text-editor.default\">\n\t\t\t\t<div class=\"elementor-widget-container\">\n\t\t\t\t\t\t\t\t\t<p><strong>Salsa at Sunset juhlistaa latinalaisamerikkalaista kulttuuria livemusiikilla, hyv\u00e4ll\u00e4 seuralla ja tanssilla.<\/strong> Poikkea kuuntelemaan live-hispanic-b\u00e4ndi\u00e4, joka tuo kulttuurillisesti hyv\u00e4\u00e4 musiikkia t\u00e4nne Upstateen! Olitpa sitten kokenut salsatanssija tai vasta ensikertalainen, tulet viett\u00e4m\u00e4\u00e4n mahtavaa aikaa tanssien yhteis\u00f6n kanssa. Odota n\u00e4kev\u00e4si kaikenik\u00e4isten ihmisten joukon nauttivan hauskasta illasta herkullisen ruoan ja juomien ymp\u00e4r\u00f6im\u00e4n\u00e4. Joten ota tanssikeng\u00e4t mukaan t\u00e4n\u00e4 kes\u00e4n\u00e4 ja valmistaudu pit\u00e4m\u00e4\u00e4n hauskaa Salsa at Sunsetissa!<\/p>\n<p><!-- \/wp:paragraph --><\/p>\n<p><!-- wp:paragraph --><\/p>\n<p>Tapahtuman ajat:<\/p>\n<p><!-- \/wp:paragraph --><\/p>\n<p><!-- wp:list --><\/p>\n<ul>\n<li style=\"list-style-type: none;\">\n<ul><!-- wp:list-item --><\/ul>\n<\/li>\n<\/ul>\n<p>\u00a0<\/p>\n<ul>\n<li style=\"list-style-type: none;\">\n<ul>\n<li>18.15 Salsatunnit<\/li>\n<\/ul>\n<\/li>\n<\/ul>\n<p><!-- \/wp:list-item --><\/p>\n<p><!-- wp:list-item --><\/p>\n<ul>\n<li style=\"list-style-type: none;\">\n<ul>\n<li>Klo 19\u201322 liveb\u00e4ndi<\/li>\n<\/ul>\n<\/li>\n<\/ul>\n<p>\u00a0<\/p>\n<p><!-- \/wp:list-item --><\/p>\n<p><!-- \/wp:list --><\/p>\n<p><!-- wp:paragraph {\"align\":\"center\"} --><\/p>\n<p class=\"\" data-start=\"0\" data-end=\"605\">Calixto Oviedo, Latinalaisen Amerikan Grammy-ehdokkaana ollut ly\u00f6m\u00e4soittaja (La Rumba del Siglo, 2000), on afrokuubalaisen jazzin ja timba-musiikin legendaarinen hahmo. Havannassa, Kuubassa, syntynyt h\u00e4n aloitti musiikin soittamisen lapsena ja opiskeli Kuuban parhaissa konservatorioissa ennen kansainv\u00e4list\u00e4 uraansa. Oviedo on esiintynyt ikonien, kuten Arturo Sandovalin, Chucho Vald\u00e9sin ja Paquito D&#039;Riveran, kanssa ja oli Adalberto y Su Sonin perustajaj\u00e4sen ja keskeinen hahmo NG La Bandassa \u2013 timbasoundin pioneereissa. H\u00e4n on soittanut merkitt\u00e4vill\u00e4 jazz- ja salsafestivaaleilla maailmanlaajuisesti ja opettaa nyky\u00e4\u00e4n ly\u00f6m\u00e4soittimia California State Universityss\u00e4 Los Angelesissa.<\/p>\n<p class=\"\" data-start=\"607\" data-end=\"724\"><em data-start=\"607\" data-end=\"724\">L\u00e4hde: Mukailtu Calixto Oviedon virallisesta el\u00e4m\u00e4kerrasta <a class=\"\" href=\"http:\/\/www.afrocubanjazzcartel.com\" target=\"_new\" rel=\"noopener\" data-start=\"662\" data-end=\"723\">AfroCubanJazzCartel.com<\/a><\/em><\/p>\n<p><!-- \/wp:paragraph --><\/p>\t\t\t\t\t\t\t\t<\/div>\n\t\t\t\t<\/div>\n\t\t\t\t\t<\/div>\n\t\t\t\t<\/div>\n\t\t\t\t<\/div>","protected":false},"excerpt":{"rendered":"","protected":false},"featured_media":77936,"template":"","ui-event-category":[21,79,22],"class_list":["post-89274","ui-events","type-ui-events","status-publish","has-post-thumbnail","hentry","ui-event-category-open-to-public","ui-event-category-salsa-at-sunset","ui-event-category-ui-program"],"acf":[],"event_meta":{"start_datetime":"1753467300","start_datetime_formatted":"2025-07-25T18:15:00+00:00","end_datetime":0,"end_datetime_formatted":null,"location_name":"","location_address":"Camperdown Plaza, Greenville, SC","price":"Free","cost":"","external_registration_link":"","internal_registration_product":0,"link":"","featured":false},"_links":{"self":[{"href":"https:\/\/upstateinternational.org\/fi\/wp-json\/wp\/v2\/ui-events\/89274","targetHints":{"allow":["GET"]}}],"collection":[{"href":"https:\/\/upstateinternational.org\/fi\/wp-json\/wp\/v2\/ui-events"}],"about":[{"href":"https:\/\/upstateinternational.org\/fi\/wp-json\/wp\/v2\/types\/ui-events"}],"version-history":[{"count":0,"href":"https:\/\/upstateinternational.org\/fi\/wp-json\/wp\/v2\/ui-events\/89274\/revisions"}],"wp:featuredmedia":[{"embeddable":true,"href":"https:\/\/upstateinternational.org\/fi\/wp-json\/wp\/v2\/media\/77936"}],"wp:attachment":[{"href":"https:\/\/upstateinternational.org\/fi\/wp-json\/wp\/v2\/media?parent=89274"}],"wp:term":[{"taxonomy":"ui-event-category","embeddable":true,"href":"https:\/\/upstateinternational.org\/fi\/wp-json\/wp\/v2\/ui-event-category?post=89274"}],"curies":[{"name":"wp","href":"https:\/\/api.w.org\/{rel}","templated":true}]}}