{"id":60008,"date":"2023-04-21T10:00:20","date_gmt":"2023-04-21T14:00:20","guid":{"rendered":"https:\/\/localhost:10096\/conference-speakers\/paul-berg\/"},"modified":"2023-04-21T10:00:20","modified_gmt":"2023-04-21T14:00:20","slug":"paul-berg","status":"publish","type":"conference-speakers","link":"https:\/\/upstateinternational.org\/fr\/conference-speakers\/paul-berg\/","title":{"rendered":"Paul Berg"},"content":{"rendered":"<p>Paul Berg, membre \u00e9minent du service diplomatique am\u00e9ricain depuis 1983, a occup\u00e9 des postes importants au Vietnam, en Italie, au Mexique, en Colombie, en Nouvelle-Guin\u00e9e, en Belgique, en Afghanistan et \u00e0 Washington D.C. Il est ravi de partager son exp\u00e9rience en tant que diplomate r\u00e9cemment retrait\u00e9.<\/p>\r\n\r\n\r\n\r\n<p>Paul Berg, diplomate am\u00e9ricain depuis 1983, a r\u00e9cemment occup\u00e9 le poste de ministre-conseiller pour les affaires politiques \u00e0 l&#039;ambassade des \u00c9tats-Unis \u00e0 Rome. Auparavant, il \u00e9tait repr\u00e9sentant civil principal aupr\u00e8s de la Plateforme r\u00e9gionale Sud-Ouest, au camp Leatherneck, dans la province d&#039;Helmand, en Afghanistan. Il a \u00e9t\u00e9 promu au grade de haut fonctionnaire du Service ext\u00e9rieur (SFS) \u00e0 l&#039;automne 2011, apr\u00e8s avoir \u00e9t\u00e9 chef de mission adjoint \u00e0 l&#039;ambassade des \u00c9tats-Unis \u00e0 Port Moresby, en Papouasie-Nouvelle-Guin\u00e9e, \u00e9galement accr\u00e9dit\u00e9e aupr\u00e8s du Vanuatu et des \u00celes Salomon. De 2007 \u00e0 avril 2009, il a \u00e9t\u00e9 directeur adjoint du Bureau des politiques, de la planification et de la coordination r\u00e9gionale du Bureau de l&#039;h\u00e9misph\u00e8re occidental. De 2003 \u00e0 2006, il a \u00e9t\u00e9 chef de consulat des \u00c9tats-Unis \u00e0 Medan, consulat qu&#039;il a rouvert. Pendant ses trois ann\u00e9es en poste, il a \u00e9t\u00e9 le principal interlocuteur du gouvernement am\u00e9ricain pour l&#039;insurrection \u00e0 Aceh et a supervis\u00e9 la r\u00e9ponse am\u00e9ricaine au tsunami d&#039;Aceh de d\u00e9cembre 2004 et au s\u00e9isme de Nias de mars 2005. En mars 2007, la secr\u00e9taire d&#039;\u00c9tat Condoleezza Rice lui a remis une distinction honorifique pour ses r\u00e9alisations. Il a \u00e9galement re\u00e7u quatre prix d&#039;honneur sup\u00e9rieurs \u00e0 titre individuel.<\/p>\r\n\r\n\r\n\r\n<p>Avant son affectation en Indon\u00e9sie, M. Berg a \u00e9t\u00e9 directeur du Plan Colombie \u00e0 l&#039;ambassade des \u00c9tats-Unis \u00e0 Bogota (Colombie) de 2001 \u00e0 2002. Il a \u00e9galement \u00e9t\u00e9 chef adjoint de la section politique \u00e0 l&#039;ambassade des \u00c9tats-Unis \u00e0 Hano\u00ef (Vietnam) de 1998 \u00e0 2001. Auparavant, de 1994 \u00e0 1997, il \u00e9tait responsable des affaires polici\u00e8res et politico-militaires \u00e0 l&#039;ambassade des \u00c9tats-Unis \u00e0 Mexico. Il a par ailleurs \u00e9t\u00e9 en poste \u00e0 Rome, Bruxelles, Bombay et Washington D.C. M. Berg parle couramment fran\u00e7ais, italien, arabe, espagnol, vietnamien, indon\u00e9sien et pachto.<\/p>\r\n\r\n\r\n\r\n<p>M. Berg est dipl\u00f4m\u00e9 de la promotion 2007 du National War College de Fort McNair, \u00e0 Washington D.C., o\u00f9 il a obtenu une ma\u00eetrise en \u00e9tudes strat\u00e9giques. Il est titulaire d&#039;un doctorat en droit et d&#039;une licence \u00e8s lettres de l&#039;Universit\u00e9 du Wisconsin \u00e0 Madison, ainsi que d&#039;une ma\u00eetrise en affaires internationales de l&#039;Universit\u00e9 Columbia \u00e0 New York. Avant d&#039;int\u00e9grer le service diplomatique, il \u00e9tait directeur ex\u00e9cutif par int\u00e9rim d&#039;International House \u00e0 New York, et auparavant, il \u00e9tait \u00e9lu local dans le Wisconsin.<\/p>","protected":false},"excerpt":{"rendered":"","protected":false},"featured_media":58403,"template":"","conference-years":[64],"class_list":["post-60008","conference-speakers","type-conference-speakers","status-publish","has-post-thumbnail","hentry","conference-years-2022-conference-speakers"],"acf":[],"_links":{"self":[{"href":"https:\/\/upstateinternational.org\/fr\/wp-json\/wp\/v2\/conference-speakers\/60008","targetHints":{"allow":["GET"]}}],"collection":[{"href":"https:\/\/upstateinternational.org\/fr\/wp-json\/wp\/v2\/conference-speakers"}],"about":[{"href":"https:\/\/upstateinternational.org\/fr\/wp-json\/wp\/v2\/types\/conference-speakers"}],"version-history":[{"count":0,"href":"https:\/\/upstateinternational.org\/fr\/wp-json\/wp\/v2\/conference-speakers\/60008\/revisions"}],"wp:featuredmedia":[{"embeddable":true,"href":"https:\/\/upstateinternational.org\/fr\/wp-json\/wp\/v2\/media\/58403"}],"wp:attachment":[{"href":"https:\/\/upstateinternational.org\/fr\/wp-json\/wp\/v2\/media?parent=60008"}],"wp:term":[{"taxonomy":"conference-years","embeddable":true,"href":"https:\/\/upstateinternational.org\/fr\/wp-json\/wp\/v2\/conference-years?post=60008"}],"curies":[{"name":"wp","href":"https:\/\/api.w.org\/{rel}","templated":true}]}}