{"id":60038,"date":"2023-04-21T10:08:51","date_gmt":"2023-04-21T14:08:51","guid":{"rendered":"https:\/\/localhost:10096\/conference-speakers\/philip-s-kosnett\/"},"modified":"2023-04-21T10:08:51","modified_gmt":"2023-04-21T14:08:51","slug":"philip-s-kosnett","status":"publish","type":"conference-speakers","link":"https:\/\/upstateinternational.org\/fr\/conference-speakers\/philip-s-kosnett\/","title":{"rendered":"Philip S. Kosnett"},"content":{"rendered":"<p>L&#039;ambassadeur Philip S. Kosnett a pris sa retraite du D\u00e9partement d&#039;\u00c9tat en 2021 apr\u00e8s une carri\u00e8re au service des \u00c9tats-Unis en Europe, au Moyen-Orient et en Asie. Au cours de ses fonctions \u00e0 responsabilit\u00e9s, notamment comme ambassadeur au Kosovo et ambassadeur par int\u00e9rim\/adjoint en Turquie, en Ouzb\u00e9kistan et en Islande, il s&#039;est distingu\u00e9 par ses talents de strat\u00e8ge, de n\u00e9gociateur et de dirigeant. Depuis son d\u00e9part de la fonction publique f\u00e9d\u00e9rale, il a \u0153uvr\u00e9 dans les domaines du conseil, de l&#039;analyse des politiques publiques, de l&#039;enseignement sup\u00e9rieur et de l&#039;aide humanitaire. Il a \u00e9galement r\u00e9cemment renou\u00e9 avec sa premi\u00e8re passion, celle de concepteur de jeux de soci\u00e9t\u00e9, qu&#039;il exer\u00e7ait durant ses \u00e9tudes.<\/p>\r\n\r\n\r\n\r\n<p>Phil et son \u00e9pouse Alison, experte en d\u00e9veloppement poss\u00e9dant une vaste exp\u00e9rience internationale, participent \u00e9galement \u00e0 l&#039;effort humanitaire d&#039;\u00e9vacuation et de r\u00e9installation des Afghans menac\u00e9s. Les Kosnett ont un fils et une fille adultes et partagent leur maison en Caroline du Nord avec des chiens recueillis au Kosovo et en Ouzb\u00e9kistan.<\/p>","protected":false},"excerpt":{"rendered":"","protected":false},"featured_media":58405,"template":"","conference-years":[64],"class_list":["post-60038","conference-speakers","type-conference-speakers","status-publish","has-post-thumbnail","hentry","conference-years-2022-conference-speakers"],"acf":[],"_links":{"self":[{"href":"https:\/\/upstateinternational.org\/fr\/wp-json\/wp\/v2\/conference-speakers\/60038","targetHints":{"allow":["GET"]}}],"collection":[{"href":"https:\/\/upstateinternational.org\/fr\/wp-json\/wp\/v2\/conference-speakers"}],"about":[{"href":"https:\/\/upstateinternational.org\/fr\/wp-json\/wp\/v2\/types\/conference-speakers"}],"version-history":[{"count":0,"href":"https:\/\/upstateinternational.org\/fr\/wp-json\/wp\/v2\/conference-speakers\/60038\/revisions"}],"wp:featuredmedia":[{"embeddable":true,"href":"https:\/\/upstateinternational.org\/fr\/wp-json\/wp\/v2\/media\/58405"}],"wp:attachment":[{"href":"https:\/\/upstateinternational.org\/fr\/wp-json\/wp\/v2\/media?parent=60038"}],"wp:term":[{"taxonomy":"conference-years","embeddable":true,"href":"https:\/\/upstateinternational.org\/fr\/wp-json\/wp\/v2\/conference-years?post=60038"}],"curies":[{"name":"wp","href":"https:\/\/api.w.org\/{rel}","templated":true}]}}