{"id":60044,"date":"2023-04-21T10:15:02","date_gmt":"2023-04-21T14:15:02","guid":{"rendered":"https:\/\/localhost:10096\/conference-speakers\/samantha-spratt\/"},"modified":"2023-04-21T10:15:02","modified_gmt":"2023-04-21T14:15:02","slug":"samantha-spratt","status":"publish","type":"conference-speakers","link":"https:\/\/upstateinternational.org\/fr\/conference-speakers\/samantha-spratt\/","title":{"rendered":"Samantha Spratt"},"content":{"rendered":"<p>Samantha Castro Spratt est la directrice g\u00e9n\u00e9rale de la Chambre de commerce europ\u00e9enne-am\u00e9ricaine \u2013 Carolines, une organisation qui vise \u00e0 promouvoir le commerce bilat\u00e9ral et les investissements entre les Carolines et l&#039;Europe.<br \/><br \/>Elle est \u00e9galement avocate inscrite au barreau br\u00e9silien et directrice g\u00e9n\u00e9rale de Global Assist Consulting, une soci\u00e9t\u00e9 de conseil en d\u00e9veloppement commercial international sp\u00e9cialis\u00e9e dans l&#039;accompagnement des entreprises pour leur expansion r\u00e9ussie sur les march\u00e9s internationaux. Parmi ses clients figure le CCFI (Carolina Center for Foreign Investment), o\u00f9 elle met \u00e0 profit son expertise juridique et commerciale pour g\u00e9rer les relations avec les investisseurs internationaux.<br \/><br \/>Samantha a d\u00e9but\u00e9 sa carri\u00e8re en 1994 au sein du Grupo Tecsat, une entreprise de t\u00e9l\u00e9communications bas\u00e9e \u00e0 S\u00e3o Jos\u00e9 dos Campos, dans l&#039;\u00c9tat de S\u00e3o Paulo, au Br\u00e9sil, o\u00f9 elle a int\u00e9gr\u00e9 le service juridique interne. En 2000, elle s&#039;est install\u00e9e aux \u00c9tats-Unis pour poursuivre sa carri\u00e8re et a obtenu un MBA \u00e0 l&#039;Universit\u00e9 de Rockford, dans l&#039;Illinois. Depuis, elle a travaill\u00e9 sur divers dossiers li\u00e9s au commerce international et a accompagn\u00e9 des entreprises dans la n\u00e9gociation de contrats, la mise en conformit\u00e9 r\u00e9glementaire, la planification strat\u00e9gique et le d\u00e9veloppement commercial.<br \/><br \/>Avant de rejoindre Global Assist Consulting, elle a travaill\u00e9 pendant huit ans au sein de la division internationale de Wahl Clipper Corporation, leader mondial des produits de toilettage professionnels et \u00e0 domicile. Elle y a occup\u00e9 le poste de responsable de la conformit\u00e9 internationale, contribuant \u00e0 l&#039;ouverture de filiales au Br\u00e9sil, en Russie et en Inde, ainsi qu&#039;\u00e0 la n\u00e9gociation de contrats avec les distributeurs du monde entier. En 2011, elle est devenue directrice de Wahl pour l&#039;Am\u00e9rique latine, mettant en \u0153uvre des strat\u00e9gies performantes adapt\u00e9es aux contextes multiculturels et aux diff\u00e9rents canaux de distribution, et participant ainsi \u00e0 la croissance rentable de l&#039;activit\u00e9 dans cette r\u00e9gion.<br \/><br \/>Apr\u00e8s avoir v\u00e9cu trois ans au Br\u00e9sil, elle a d\u00e9m\u00e9nag\u00e9 en Caroline du Sud avec sa famille en 2015.<br \/><br \/>En plus de son travail chez EACC-Carolinas et Global Assist Consulting, elle est coach en m\u00e9ditation et pleine conscience et fondatrice de Greenville Meditation, aidant les gens \u00e0 trouver l&#039;\u00e9quilibre et \u00e0 mieux vivre gr\u00e2ce au pouvoir de la m\u00e9ditation.<\/p>","protected":false},"excerpt":{"rendered":"","protected":false},"featured_media":58415,"template":"","conference-years":[64],"class_list":["post-60044","conference-speakers","type-conference-speakers","status-publish","has-post-thumbnail","hentry","conference-years-2022-conference-speakers"],"acf":[],"_links":{"self":[{"href":"https:\/\/upstateinternational.org\/fr\/wp-json\/wp\/v2\/conference-speakers\/60044","targetHints":{"allow":["GET"]}}],"collection":[{"href":"https:\/\/upstateinternational.org\/fr\/wp-json\/wp\/v2\/conference-speakers"}],"about":[{"href":"https:\/\/upstateinternational.org\/fr\/wp-json\/wp\/v2\/types\/conference-speakers"}],"version-history":[{"count":0,"href":"https:\/\/upstateinternational.org\/fr\/wp-json\/wp\/v2\/conference-speakers\/60044\/revisions"}],"wp:featuredmedia":[{"embeddable":true,"href":"https:\/\/upstateinternational.org\/fr\/wp-json\/wp\/v2\/media\/58415"}],"wp:attachment":[{"href":"https:\/\/upstateinternational.org\/fr\/wp-json\/wp\/v2\/media?parent=60044"}],"wp:term":[{"taxonomy":"conference-years","embeddable":true,"href":"https:\/\/upstateinternational.org\/fr\/wp-json\/wp\/v2\/conference-years?post=60044"}],"curies":[{"name":"wp","href":"https:\/\/api.w.org\/{rel}","templated":true}]}}