{"id":62250,"date":"2023-10-01T14:08:00","date_gmt":"2023-10-01T18:08:00","guid":{"rendered":"https:\/\/localhost:10096\/conference-speakers\/david-olave\/"},"modified":"2023-10-20T05:51:12","modified_gmt":"2023-10-20T09:51:12","slug":"david-olave","status":"publish","type":"conference-speakers","link":"https:\/\/upstateinternational.org\/fr\/conference-speakers\/david-olave\/","title":{"rendered":"David Olave"},"content":{"rendered":"<p style=\"font-weight: 400;\">David Olave est avocat associ\u00e9 et conseiller en politique commerciale au sein du cabinet Sandler, Travis &amp; Rosenberg, PA. Il met \u00e0 profit une exp\u00e9rience unique en droit douanier, n\u00e9gociations commerciales, proc\u00e9dures l\u00e9gislatives, lobbying et engagement aupr\u00e8s de la soci\u00e9t\u00e9 civile pour conseiller ses clients sur les questions juridiques et l&#039;impact de la l\u00e9gislation commerciale, et pour collaborer avec le gouvernement am\u00e9ricain afin de r\u00e9pondre \u00e0 leurs besoins. Ses domaines d&#039;expertise comprennent la n\u00e9gociation d&#039;accords de libre-\u00e9change, les programmes de pr\u00e9f\u00e9rences tarifaires, les normes internationales du travail et de responsabilit\u00e9 sociale des entreprises, la transparence des cha\u00eenes d&#039;approvisionnement et la conception de strat\u00e9gies efficaces de relations gouvernementales et de communication pour les clients du cabinet. Il a repr\u00e9sent\u00e9 les int\u00e9r\u00eats de ses clients devant les commissions des voies et moyens de la Chambre des repr\u00e9sentants, des finances et des affaires \u00e9trang\u00e8res du S\u00e9nat, ainsi que devant diff\u00e9rentes agences f\u00e9d\u00e9rales, notamment les services des douanes et de la protection des fronti\u00e8res des \u00c9tats-Unis, le d\u00e9partement de la S\u00e9curit\u00e9 int\u00e9rieure, le repr\u00e9sentant am\u00e9ricain au commerce, le d\u00e9partement du Travail, le d\u00e9partement du Commerce, le d\u00e9partement d&#039;\u00c9tat et la Commission du commerce international.<\/p>\n<p style=\"font-weight: 400;\">M. Olave est titulaire d&#039;un doctorat en droit (JD) de la facult\u00e9 de droit Columbus de l&#039;Universit\u00e9 catholique d&#039;Am\u00e9rique, d&#039;une ma\u00eetrise en politique commerciale internationale de l&#039;Universit\u00e9 George Mason et d&#039;une licence en sciences politiques et commerce international de l&#039;Universit\u00e9 Brigham Young. Il parle couramment espagnol et portugais.<\/p>","protected":false},"excerpt":{"rendered":"","protected":false},"featured_media":62271,"template":"","conference-years":[63],"class_list":["post-62250","conference-speakers","type-conference-speakers","status-publish","has-post-thumbnail","hentry","conference-years-2023-conference-speakers"],"acf":[],"_links":{"self":[{"href":"https:\/\/upstateinternational.org\/fr\/wp-json\/wp\/v2\/conference-speakers\/62250","targetHints":{"allow":["GET"]}}],"collection":[{"href":"https:\/\/upstateinternational.org\/fr\/wp-json\/wp\/v2\/conference-speakers"}],"about":[{"href":"https:\/\/upstateinternational.org\/fr\/wp-json\/wp\/v2\/types\/conference-speakers"}],"version-history":[{"count":0,"href":"https:\/\/upstateinternational.org\/fr\/wp-json\/wp\/v2\/conference-speakers\/62250\/revisions"}],"wp:featuredmedia":[{"embeddable":true,"href":"https:\/\/upstateinternational.org\/fr\/wp-json\/wp\/v2\/media\/62271"}],"wp:attachment":[{"href":"https:\/\/upstateinternational.org\/fr\/wp-json\/wp\/v2\/media?parent=62250"}],"wp:term":[{"taxonomy":"conference-years","embeddable":true,"href":"https:\/\/upstateinternational.org\/fr\/wp-json\/wp\/v2\/conference-years?post=62250"}],"curies":[{"name":"wp","href":"https:\/\/api.w.org\/{rel}","templated":true}]}}