{"id":89059,"date":"2023-10-28T07:17:00","date_gmt":"2023-10-28T11:17:00","guid":{"rendered":"https:\/\/ui-hybrid.local\/ui-events\/beyond-health-how-covid-19-will-reshape-international-development\/"},"modified":"2023-10-28T07:17:00","modified_gmt":"2023-10-28T11:17:00","slug":"beyond-health-how-covid-19-will-reshape-international-development","status":"publish","type":"ui-events","link":"https:\/\/upstateinternational.org\/fr\/ui-events\/beyond-health-how-covid-19-will-reshape-international-development\/","title":{"rendered":"Au-del\u00e0 de la sant\u00e9 : comment la COVID-19 va remodeler le d\u00e9veloppement international."},"content":{"rendered":"<p>D\u00e9jeuner-conf\u00e9rence gratuit \u2013 En pr\u00e9sentiel et en ligne<br \/>\nMercredi 22 juillet 2020 de 12h00 \u00e0 13h00<\/p>\n<p>Les pays qui \u00e9taient sur le point d&#039;\u00e9radiquer la pauvret\u00e9 ont \u00e9t\u00e9 contraints de revoir leur strat\u00e9gie. La pand\u00e9mie a exacerb\u00e9 la pr\u00e9carit\u00e9 de ces populations d\u00e9j\u00e0 vuln\u00e9rables. Rejoignez nos experts pour une discussion sur l&#039;impact d\u00e9vastateur de la COVID-19 sur les pays qui survivent sans filet de s\u00e9curit\u00e9 sociale et sur les solutions possibles. David Weiss et Carrie Hessler-Radelet sont tous deux cadres chez Global Communities, une organisation internationale de d\u00e9veloppement et d&#039;aide humanitaire qui \u0153uvre en partenariat avec les communaut\u00e9s du monde entier pour apporter des changements durables et significatifs, am\u00e9liorant ainsi la vie et les moyens de subsistance des populations vuln\u00e9rables. Pr\u00e9sente dans 27 pays d&#039;Afrique, du Moyen-Orient, d&#039;Am\u00e9rique centrale et du Sud, d&#039;Asie et d&#039;Europe, Global Communities est sp\u00e9cialis\u00e9e dans l&#039;innovation en mati\u00e8re d&#039;assainissement rural, la formation professionnelle ax\u00e9e sur le march\u00e9 du travail et le renforcement de la soci\u00e9t\u00e9 civile.<\/p>\n<p>David A. Weiss est devenu directeur g\u00e9n\u00e9ral de Global Communities en 2010, apr\u00e8s avoir \u00e9t\u00e9 membre de son conseil d&#039;administration depuis 2004 et pr\u00e9sident de ce m\u00eame conseil de 2008 \u00e0 2010. Avant de rejoindre Global Communities, M. Weiss a \u00e9t\u00e9 conseiller principal en politiques publiques au sein du cabinet d&#039;avocats international DLA Piper pendant 13 ans, o\u00f9 il conseillait sur les questions de commerce international et de politique \u00e9trang\u00e8re. M. Weiss a pass\u00e9 18 ans au sein du gouvernement f\u00e9d\u00e9ral am\u00e9ricain, occupant notamment les fonctions suivantes\u00a0: assistant sp\u00e9cial du directeur du Corps de la Paix\u00a0; diplomate am\u00e9ricain\u00a0; conseiller \u00e9conomique en Ha\u00efti\u00a0; assistant du secr\u00e9taire d&#039;\u00c9tat\u00a0; assistant sp\u00e9cial principal du secr\u00e9taire d&#039;\u00c9tat adjoint\u00a0; repr\u00e9sentant adjoint au commerce des \u00c9tats-Unis pour les affaires nord-am\u00e9ricaines, charg\u00e9 de l&#039;ALENA\u00a0; et d&#039;autres postes \u00e0 responsabilit\u00e9 au sein du Bureau du repr\u00e9sentant am\u00e9ricain au commerce. M. Weiss a re\u00e7u la distinction honorifique du d\u00e9partement d&#039;\u00c9tat am\u00e9ricain. Il est titulaire d&#039;une licence (BA) du Hamilton College et d&#039;une ma\u00eetrise (MSFS) de l&#039;universit\u00e9 de Georgetown.<\/p>\n<p>Carrie Hessler-Radelet est la pr\u00e9sidente-directrice g\u00e9n\u00e9rale de Project Concern International (PCI), partenaire de Global Communities. PCI est une organisation de d\u00e9veloppement international qui \u0153uvre pour l&#039;innovation \u00e0 la base afin d&#039;am\u00e9liorer la sant\u00e9, d&#039;\u00e9radiquer la faim, de surmonter les difficult\u00e9s et de promouvoir les droits des femmes et des filles, ce qui se traduit par des changements concrets et mesurables dans la vie des populations. Elle est \u00e9galement pr\u00e9sidente de Global Communities.<br \/>\nAvant de rejoindre PCI, Hessler-Radelet a \u00e9t\u00e9 directrice du Corps de la Paix (2012-2017) et directrice adjointe (2012-2015), dirigeant ainsi l&#039;embl\u00e9matique organisation de volontariat international am\u00e9ricaine pr\u00e9sente dans plus de 65 pays. Au sein du Corps de la Paix, elle a men\u00e9 des r\u00e9formes historiques.<br \/>\nmoderniser et renforcer l&#039;agence pour relever les d\u00e9fis et saisir les opportunit\u00e9s de<\/p>\n<p>Au XXIe si\u00e8cle, Hessler-Radelet est passionn\u00e9e par l&#039;autonomisation des communaut\u00e9s afin qu&#039;elles trouvent leurs propres solutions durables et innovantes pour lutter contre la pauvret\u00e9. Elle est titulaire d&#039;une ma\u00eetrise en politiques et gestion de la sant\u00e9 de l&#039;Universit\u00e9 Harvard et d&#039;une licence en sciences politiques et \u00e9conomiques de l&#039;Universit\u00e9 de Boston (BU), \u00e0 Boston, dans le Massachusetts.<\/p>\n<p>Au lieu de fixer le prix des billets, WACU instaure une nouvelle politique de \u201c\u00a0prix libre\u00a0\u201d. Un don de $5-10 ou une adh\u00e9sion annuelle est sugg\u00e9r\u00e9.<br \/>\nFaites un don ici. Ou devenez membre ici. Votre soutien est grandement appr\u00e9ci\u00e9.<\/p>\n<p>Rejoignez-nous en ligne. Chaque cours pr\u00e9voit suffisamment de temps pour les questions et les \u00e9changes avec vos pairs.<br \/>\nParticipation gratuite ; inscription requise.<br \/>\nCliquez ici \u2013 Inscrivez-vous maintenant !<br \/>\nUne fois votre inscription effectu\u00e9e, vous recevrez un courriel de confirmation contenant le lien.<br \/>\nVous devrez vous inscrire au webinaire.<br \/>\n _____________________________________<br \/>\nDes questions\u00a0? Veuillez envoyer un courriel \u00e0 kim@upstateinternational.org<br \/>\nVous souhaitez devenir sponsor\u00a0? Veuillez envoyer un courriel \u00e0 tracie@upstateinternational.org<\/p>","protected":false},"excerpt":{"rendered":"","protected":false},"featured_media":0,"template":"","ui-event-category":[21],"class_list":["post-89059","ui-events","type-ui-events","status-publish","hentry","ui-event-category-open-to-public"],"acf":[],"event_meta":{"start_datetime":"1595419200","start_datetime_formatted":"2020-07-22T12:00:00+00:00","end_datetime":0,"end_datetime_formatted":null,"location_name":"Online","location_address":"","price":"Free","cost":"","external_registration_link":"https:\/\/events.r20.constantcontact.com\/register\/eventReg?oeidk=a07eh5zylkoe0a6f339&oseq=&c=&ch=","internal_registration_product":0,"link":"","featured":false},"_links":{"self":[{"href":"https:\/\/upstateinternational.org\/fr\/wp-json\/wp\/v2\/ui-events\/89059","targetHints":{"allow":["GET"]}}],"collection":[{"href":"https:\/\/upstateinternational.org\/fr\/wp-json\/wp\/v2\/ui-events"}],"about":[{"href":"https:\/\/upstateinternational.org\/fr\/wp-json\/wp\/v2\/types\/ui-events"}],"version-history":[{"count":0,"href":"https:\/\/upstateinternational.org\/fr\/wp-json\/wp\/v2\/ui-events\/89059\/revisions"}],"wp:attachment":[{"href":"https:\/\/upstateinternational.org\/fr\/wp-json\/wp\/v2\/media?parent=89059"}],"wp:term":[{"taxonomy":"ui-event-category","embeddable":true,"href":"https:\/\/upstateinternational.org\/fr\/wp-json\/wp\/v2\/ui-event-category?post=89059"}],"curies":[{"name":"wp","href":"https:\/\/api.w.org\/{rel}","templated":true}]}}