{"id":89333,"date":"2024-07-01T11:54:05","date_gmt":"2024-07-01T15:54:05","guid":{"rendered":"https:\/\/ui-hybrid.local\/ui-events\/bastille-day-celebration\/"},"modified":"2024-07-01T11:54:05","modified_gmt":"2024-07-01T15:54:05","slug":"bastille-day-celebration","status":"publish","type":"ui-events","link":"https:\/\/upstateinternational.org\/fr\/ui-events\/bastille-day-celebration\/","title":{"rendered":"F\u00eate du 14 juillet !"},"content":{"rendered":"<p>Bonjour \u00e0 tous ! Le groupe de fran\u00e7ais vous invite \u00e0 c\u00e9l\u00e9brer la F\u00eate nationale fran\u00e7aise ! C\u00e9l\u00e9br\u00e9e le 14 juillet, la F\u00eate nationale fran\u00e7aise comm\u00e9more la prise de la Bastille en 1789, un \u00e9v\u00e9nement majeur de la R\u00e9volution fran\u00e7aise symbolisant la lutte pour la libert\u00e9 et la d\u00e9mocratie. Venez parler fran\u00e7ais ! Tous les niveaux sont les bienvenus. (Cette rencontre a un horaire diff\u00e9rent de celui de notre club de conversation mensuel habituel.)<\/p>\n\n\n\n<p>Venez parler fran\u00e7ais dans une ambiance d\u00e9tendue avec les nouveaux membres et les membres de longue date du groupe. Tous les niveaux sont les bienvenus. N&#039;h\u00e9sitez pas \u00e0 apporter un plat et\/ou une boisson \u00e0 partager. Apportez un ami !<\/p>\n\n\n\n<p>Si le temps le permet, nous essaierons de jouer \u00e0 la p\u00e9tanque dans le jardin, s&#039;il ne fait pas trop chaud !<\/p>\n\n\n\n<p><strong>Des questions\u00a0? Veuillez contacter Nathan Brown pour toute demande\u00a0: nathan.brown@furman.edu<\/strong><\/p>","protected":false},"excerpt":{"rendered":"","protected":false},"featured_media":73599,"template":"","ui-event-category":[21],"class_list":["post-89333","ui-events","type-ui-events","status-publish","has-post-thumbnail","hentry","ui-event-category-open-to-public"],"acf":[],"event_meta":{"start_datetime":"1720810800","start_datetime_formatted":"2024-07-12T19:00:00+00:00","end_datetime":"1720818000","end_datetime_formatted":"2024-07-12T21:00:00+00:00","location_name":"Upstate International","location_address":"9 S. Memminger St., Greenville SC, 29601","price":"Free","cost":"","external_registration_link":"","internal_registration_product":0,"link":"","featured":false},"_links":{"self":[{"href":"https:\/\/upstateinternational.org\/fr\/wp-json\/wp\/v2\/ui-events\/89333","targetHints":{"allow":["GET"]}}],"collection":[{"href":"https:\/\/upstateinternational.org\/fr\/wp-json\/wp\/v2\/ui-events"}],"about":[{"href":"https:\/\/upstateinternational.org\/fr\/wp-json\/wp\/v2\/types\/ui-events"}],"version-history":[{"count":0,"href":"https:\/\/upstateinternational.org\/fr\/wp-json\/wp\/v2\/ui-events\/89333\/revisions"}],"wp:featuredmedia":[{"embeddable":true,"href":"https:\/\/upstateinternational.org\/fr\/wp-json\/wp\/v2\/media\/73599"}],"wp:attachment":[{"href":"https:\/\/upstateinternational.org\/fr\/wp-json\/wp\/v2\/media?parent=89333"}],"wp:term":[{"taxonomy":"ui-event-category","embeddable":true,"href":"https:\/\/upstateinternational.org\/fr\/wp-json\/wp\/v2\/ui-event-category?post=89333"}],"curies":[{"name":"wp","href":"https:\/\/api.w.org\/{rel}","templated":true}]}}