{"id":89421,"date":"2024-11-20T15:14:46","date_gmt":"2024-11-20T20:14:46","guid":{"rendered":"https:\/\/ui-hybrid.local\/ui-events\/national-foreign-language-week\/"},"modified":"2024-11-20T15:14:46","modified_gmt":"2024-11-20T20:14:46","slug":"national-foreign-language-week","status":"publish","type":"ui-events","link":"https:\/\/upstateinternational.org\/fr\/ui-events\/national-foreign-language-week\/","title":{"rendered":"Semaine nationale des langues \u00e9trang\u00e8res"},"content":{"rendered":"<p class=\"has-black-color has-text-color has-link-color wp-elements-c8f0345cd671026cb607fb105fcd6550\">La Semaine nationale des langues \u00e9trang\u00e8res a \u00e9t\u00e9 inaugur\u00e9e au printemps 1957 par Alpha Mu Gamma. S\u0153ur Eloise Therese, pr\u00e9sidente nationale d&#039;Alpha Mu Gamma de 1956 \u00e0 1960, constata qu&#039;une telle semaine n&#039;avait jamais \u00e9t\u00e9 c\u00e9l\u00e9br\u00e9e officiellement aux \u00c9tats-Unis, bien que l&#039;apprentissage des langues \u00e9trang\u00e8res f\u00fbt reconnu par diff\u00e9rents \u00e9tablissements d&#039;enseignement \u00e0 divers moments de l&#039;ann\u00e9e scolaire. Inspir\u00e9 par son initiative, le Conseil ex\u00e9cutif national d&#039;Alpha Mu Gamma commen\u00e7a \u00e0 \u00e9laborer des plans pour sensibiliser les \u00c9tats-Unis \u00e0 la n\u00e9cessit\u00e9 et \u00e0 l&#039;importance de l&#039;\u00e9tude des langues \u00e9trang\u00e8res gr\u00e2ce \u00e0 la c\u00e9l\u00e9bration de la Semaine nationale des langues \u00e9trang\u00e8res. La premi\u00e8re \u00e9dition eut lieu du 17 au 23 f\u00e9vrier 1957. Depuis, chaque ann\u00e9e, le Conseil ex\u00e9cutif national d&#039;AMG consacre une semaine \u00e0 cet \u00e9v\u00e9nement. Ces derni\u00e8res ann\u00e9es, la Semaine nationale des langues \u00e9trang\u00e8res se d\u00e9roule g\u00e9n\u00e9ralement durant la premi\u00e8re semaine compl\u00e8te de mars.<\/p>","protected":false},"excerpt":{"rendered":"","protected":false},"featured_media":78021,"template":"","ui-event-category":[21,28],"class_list":["post-89421","ui-events","type-ui-events","status-publish","has-post-thumbnail","hentry","ui-event-category-open-to-public","ui-event-category-ui-month"],"acf":[],"event_meta":{"start_datetime":"1740873600","start_datetime_formatted":"2025-03-02T00:00:00+00:00","end_datetime":"1741392000","end_datetime_formatted":"2025-03-08T00:00:00+00:00","location_name":"","location_address":"","price":"Free","cost":"","external_registration_link":"","internal_registration_product":0,"link":"","featured":false},"_links":{"self":[{"href":"https:\/\/upstateinternational.org\/fr\/wp-json\/wp\/v2\/ui-events\/89421","targetHints":{"allow":["GET"]}}],"collection":[{"href":"https:\/\/upstateinternational.org\/fr\/wp-json\/wp\/v2\/ui-events"}],"about":[{"href":"https:\/\/upstateinternational.org\/fr\/wp-json\/wp\/v2\/types\/ui-events"}],"version-history":[{"count":0,"href":"https:\/\/upstateinternational.org\/fr\/wp-json\/wp\/v2\/ui-events\/89421\/revisions"}],"wp:featuredmedia":[{"embeddable":true,"href":"https:\/\/upstateinternational.org\/fr\/wp-json\/wp\/v2\/media\/78021"}],"wp:attachment":[{"href":"https:\/\/upstateinternational.org\/fr\/wp-json\/wp\/v2\/media?parent=89421"}],"wp:term":[{"taxonomy":"ui-event-category","embeddable":true,"href":"https:\/\/upstateinternational.org\/fr\/wp-json\/wp\/v2\/ui-event-category?post=89421"}],"curies":[{"name":"wp","href":"https:\/\/api.w.org\/{rel}","templated":true}]}}