{"id":89539,"date":"2025-04-03T10:44:20","date_gmt":"2025-04-03T14:44:20","guid":{"rendered":"https:\/\/ui-hybrid.local\/ui-events\/africa-and-the-global-economy\/"},"modified":"2025-04-03T10:44:20","modified_gmt":"2025-04-03T14:44:20","slug":"africa-and-the-global-economy","status":"publish","type":"ui-events","link":"https:\/\/upstateinternational.org\/fr\/ui-events\/africa-and-the-global-economy\/","title":{"rendered":"La renaissance \u00e9conomique de l&#039;Afrique : lever les barri\u00e8res, b\u00e2tir l&#039;avenir"},"content":{"rendered":"<p>Cycle de conf\u00e9rences \u00ab\u00a0Au-del\u00e0 des gros titres\u00a0\u00bb | Conseil des affaires mondiales de l&#039;\u00c9tat de New York | <a href=\"https:\/\/upstateinternational.org\/fr\/produit\/africa-and-the-global-economy\/\" data-type=\"link\" data-id=\"https:\/\/upstateinternational.org\/product\/africa-and-the-global-economy\/\">Inscrivez-vous ici<\/a><\/p>\n\n\n\n<p>Rejoindre <strong>Dr Gugu Selela<\/strong>, Nous invitons Selela, ma\u00eetre de conf\u00e9rences au D\u00e9partement d&#039;\u00e9tudes interdisciplinaires de l&#039;Universit\u00e9 de Clemson, \u00e0 une discussion stimulante sur le r\u00f4le \u00e9volutif de l&#039;Afrique dans l&#039;\u00e9conomie mondiale. Cette conf\u00e9rence explorera le vaste potentiel \u00e9conomique du continent, les d\u00e9fis structurels auxquels il est confront\u00e9 et les perspectives de transformation qui se dessinent. Selela examinera les forces historiques et contemporaines qui fa\u00e7onnent le paysage \u00e9conomique africain, des s\u00e9quelles de la colonisation et des d\u00e9s\u00e9quilibres commerciaux aux complexit\u00e9s des investissements \u00e9trangers.<\/p>\n\n\n\n<p>Une attention particuli\u00e8re sera port\u00e9e au r\u00f4le crucial des femmes africaines dans le d\u00e9veloppement \u00e9conomique, en soulignant comment des politiques inclusives en mati\u00e8re de genre peuvent favoriser une croissance durable. La discussion se conclura par un examen des solutions propos\u00e9es par les Africains, en insistant sur la n\u00e9cessit\u00e9 de politiques qui privil\u00e9gient l&#039;\u00e9quit\u00e9, l&#039;innovation et la prosp\u00e9rit\u00e9 \u00e0 long terme.<\/p>\n\n\n\n<p>(**<strong>\u00c0 propos de l&#039;emplacement<\/strong>: Au coin de la rue \u2013 517 West Washington)<\/p>","protected":false},"excerpt":{"rendered":"","protected":false},"featured_media":77936,"template":"","ui-event-category":[148,88],"class_list":["post-89539","ui-events","type-ui-events","status-publish","has-post-thumbnail","hentry","ui-event-category-beyond-the-headlines","ui-event-category-wacu-program"],"acf":[],"event_meta":{"start_datetime":"1745366400","start_datetime_formatted":"2025-04-23T00:00:00+00:00","end_datetime":"1745415000","end_datetime_formatted":"2025-04-23T13:30:00+00:00","location_name":"Greenville Water Community Room","location_address":"407 W Broad St, Greenville, SC 29601","price":"Free","cost":"","external_registration_link":"https:\/\/upstateinternational.org\/?post_type=product&amp;p=83555&amp;preview=true","internal_registration_product":0,"link":"","featured":false},"_links":{"self":[{"href":"https:\/\/upstateinternational.org\/fr\/wp-json\/wp\/v2\/ui-events\/89539","targetHints":{"allow":["GET"]}}],"collection":[{"href":"https:\/\/upstateinternational.org\/fr\/wp-json\/wp\/v2\/ui-events"}],"about":[{"href":"https:\/\/upstateinternational.org\/fr\/wp-json\/wp\/v2\/types\/ui-events"}],"version-history":[{"count":0,"href":"https:\/\/upstateinternational.org\/fr\/wp-json\/wp\/v2\/ui-events\/89539\/revisions"}],"wp:featuredmedia":[{"embeddable":true,"href":"https:\/\/upstateinternational.org\/fr\/wp-json\/wp\/v2\/media\/77936"}],"wp:attachment":[{"href":"https:\/\/upstateinternational.org\/fr\/wp-json\/wp\/v2\/media?parent=89539"}],"wp:term":[{"taxonomy":"ui-event-category","embeddable":true,"href":"https:\/\/upstateinternational.org\/fr\/wp-json\/wp\/v2\/ui-event-category?post=89539"}],"curies":[{"name":"wp","href":"https:\/\/api.w.org\/{rel}","templated":true}]}}