{"id":60008,"date":"2023-04-21T10:00:20","date_gmt":"2023-04-21T14:00:20","guid":{"rendered":"https:\/\/localhost:10096\/conference-speakers\/paul-berg\/"},"modified":"2023-04-21T10:00:20","modified_gmt":"2023-04-21T14:00:20","slug":"paul-berg","status":"publish","type":"conference-speakers","link":"https:\/\/upstateinternational.org\/pt\/conference-speakers\/paul-berg\/","title":{"rendered":"Paulo Berg"},"content":{"rendered":"<p>Paul Berg, um distinto membro do Servi\u00e7o Diplom\u00e1tico dos EUA desde 1983, ocupou cargos importantes no Vietn\u00e3, It\u00e1lia, M\u00e9xico, Col\u00f4mbia, Nova Guin\u00e9, B\u00e9lgica, Afeganist\u00e3o e Washington D.C. Ele est\u00e1 entusiasmado em compartilhar suas experi\u00eancias como um diplomata rec\u00e9m-aposentado.<\/p>\r\n\r\n\r\n\r\n<p>Paul Berg, membro do Servi\u00e7o Diplom\u00e1tico dos EUA desde 1983, atuou mais recentemente no exterior como Ministro-Conselheiro para Assuntos Pol\u00edticos na Embaixada dos EUA em Roma; antes disso, foi Representante Civil S\u00eanior na Plataforma Regional Sudoeste, no Campo Leatherneck, Prov\u00edncia de Helmand, Afeganist\u00e3o. Foi promovido ao Servi\u00e7o Diplom\u00e1tico S\u00eanior (SFS) no outono de 2011, ap\u00f3s um per\u00edodo como Vice-Chefe de Miss\u00e3o (DCM) da Embaixada dos EUA em Port Moresby, Papua Nova Guin\u00e9, tamb\u00e9m acreditada em Vanuatu e nas Ilhas Salom\u00e3o. De 2007 a abril de 2009, foi Diretor Adjunto do Escrit\u00f3rio de Pol\u00edticas, Planejamento e Coordena\u00e7\u00e3o Regional do Departamento do Hemisf\u00e9rio Ocidental. De 2003 a 2006, foi o Oficial Principal do Consulado Geral dos EUA em Medan, que ele pr\u00f3prio reabriu. Durante seus tr\u00eas anos l\u00e1, foi o principal contato do governo dos EUA para a insurg\u00eancia em Aceh e supervisionou a resposta do governo americano ao tsunami de Aceh em dezembro de 2004 e ao terremoto de Nias em mar\u00e7o de 2005. Em mar\u00e7o de 2007, a Secret\u00e1ria de Estado Condoleezza Rice concedeu-lhe um Pr\u00eamio de Honra Distinta por suas realiza\u00e7\u00f5es. Ele tamb\u00e9m recebeu quatro Pr\u00eamios de Honra Superior individuais.<\/p>\r\n\r\n\r\n\r\n<p>Antes de servir na Indon\u00e9sia, o Sr. Berg atuou como Diretor do Plano Col\u00f4mbia na Embaixada dos EUA em Bogot\u00e1, Col\u00f4mbia, de 2001 a 2002. Foi Chefe Adjunto da Se\u00e7\u00e3o Pol\u00edtica na Embaixada dos EUA em Han\u00f3i, Vietn\u00e3, de 1998 a 2001. Anteriormente, supervisionou a aplica\u00e7\u00e3o da lei e os assuntos pol\u00edtico-militares na Embaixada dos EUA na Cidade do M\u00e9xico, de 1994 a 1997. Tamb\u00e9m serviu em Roma, Bruxelas, Mumbai e Washington, D.C. O Sr. Berg \u00e9 fluente em franc\u00eas, italiano, \u00e1rabe, espanhol, vietnamita, bahasa indon\u00e9sio e pashto.<\/p>\r\n\r\n\r\n\r\n<p>O Sr. Berg formou-se em 2007 no National War College em Fort McNair, Washington D.C., com mestrado em Estudos Estrat\u00e9gicos. Possui doutorado em Direito e bacharelado em Artes pela Universidade de Wisconsin em Madison e mestrado em Rela\u00e7\u00f5es Internacionais pela Universidade Columbia na cidade de Nova York. Antes de ingressar no Servi\u00e7o Diplom\u00e1tico, foi Diretor Executivo interino da International House na cidade de Nova York e, anteriormente, atuou como pol\u00edtico local em Wisconsin.<\/p>","protected":false},"excerpt":{"rendered":"","protected":false},"featured_media":58403,"template":"","conference-years":[64],"class_list":["post-60008","conference-speakers","type-conference-speakers","status-publish","has-post-thumbnail","hentry","conference-years-2022-conference-speakers"],"acf":[],"_links":{"self":[{"href":"https:\/\/upstateinternational.org\/pt\/wp-json\/wp\/v2\/conference-speakers\/60008","targetHints":{"allow":["GET"]}}],"collection":[{"href":"https:\/\/upstateinternational.org\/pt\/wp-json\/wp\/v2\/conference-speakers"}],"about":[{"href":"https:\/\/upstateinternational.org\/pt\/wp-json\/wp\/v2\/types\/conference-speakers"}],"version-history":[{"count":0,"href":"https:\/\/upstateinternational.org\/pt\/wp-json\/wp\/v2\/conference-speakers\/60008\/revisions"}],"wp:featuredmedia":[{"embeddable":true,"href":"https:\/\/upstateinternational.org\/pt\/wp-json\/wp\/v2\/media\/58403"}],"wp:attachment":[{"href":"https:\/\/upstateinternational.org\/pt\/wp-json\/wp\/v2\/media?parent=60008"}],"wp:term":[{"taxonomy":"conference-years","embeddable":true,"href":"https:\/\/upstateinternational.org\/pt\/wp-json\/wp\/v2\/conference-years?post=60008"}],"curies":[{"name":"wp","href":"https:\/\/api.w.org\/{rel}","templated":true}]}}