{"id":60029,"date":"2023-04-21T10:18:36","date_gmt":"2023-04-21T14:18:36","guid":{"rendered":"https:\/\/localhost:10096\/conference-speakers\/tom-james\/"},"modified":"2023-04-21T10:18:36","modified_gmt":"2023-04-21T14:18:36","slug":"tom-james","status":"publish","type":"conference-speakers","link":"https:\/\/upstateinternational.org\/pt\/conference-speakers\/tom-james\/","title":{"rendered":"Tom James"},"content":{"rendered":"<p>O Tenente-General (Ret.) Tom James Jr., oficial de carreira do Ex\u00e9rcito, aposentou-se do servi\u00e7o ativo em agosto de 2021, ap\u00f3s 36 anos de servi\u00e7o em posi\u00e7\u00f5es de lideran\u00e7a, desde o n\u00edvel de pelot\u00e3o at\u00e9 o de comandante de campo. Sua paix\u00e3o \u00e9 conectar-se com pessoas, identificar talentos e construir equipes que alcancem seu m\u00e1ximo potencial. Seu conhecimento, habilidades e atributos profissionais foram amplamente moldados pelos l\u00edderes extraordin\u00e1rios e pelos bravos soldados com quem serviu, muitas vezes em situa\u00e7\u00f5es extremamente intensas. Suas \u00e1reas de especializa\u00e7\u00e3o incluem lideran\u00e7a em organiza\u00e7\u00f5es complexas, forma\u00e7\u00e3o de equipes coesas, resolu\u00e7\u00e3o de problemas complexos, gerenciamento de crises e rela\u00e7\u00f5es internacionais.<\/p>\r\n\r\n\r\n\r\n<p>Tom \u00e9 bacharel em Administra\u00e7\u00e3o de Empresas pela The Citadel em Charleston, Carolina do Sul; mestre em Arte e Ci\u00eancia Militar pela prestigiada Escola de Estudos Militares Avan\u00e7ados do Ex\u00e9rcito dos EUA em Fort Leavenworth, Kansas; e mestre em Seguran\u00e7a Nacional e Estudos Estrat\u00e9gicos pela Universidade de Defesa Nacional em Washington, DC.<\/p>\r\n\r\n\r\n\r\n<p>Como comandante, Tom serviu em combate no Iraque, tanto em n\u00edvel de batalh\u00e3o quanto de brigada. Sua miss\u00e3o de combate em brigada ocorreu durante a &quot;onda de refor\u00e7os&quot; e a unidade que comandava abrangia cinco prov\u00edncias, exigindo complexa coordena\u00e7\u00e3o com as For\u00e7as de Seguran\u00e7a Iraquianas, o Departamento de Estado e a USAID em situa\u00e7\u00f5es de intensa seguran\u00e7a. Em n\u00edvel de divis\u00e3o, atuou como oficial de opera\u00e7\u00f5es de uma for\u00e7a-tarefa respons\u00e1vel por opera\u00e7\u00f5es militares em Bagd\u00e1 e, em outra miss\u00e3o, serviu como chefe de gabinete de uma for\u00e7a-tarefa respons\u00e1vel pelo norte do Iraque.<\/p>\r\n\r\n\r\n\r\n<p>Tom comandou uma Divis\u00e3o na Base Conjunta Lewis-McChord, em Washington, supervisionando o desenvolvimento de lideran\u00e7a, o treinamento e a prontid\u00e3o de mais de 15.000 soldados focados em opera\u00e7\u00f5es e treinamento no Teatro de Opera\u00e7\u00f5es do Pac\u00edfico. Em seguida, serviu como Oficial de Opera\u00e7\u00f5es do Comando das Na\u00e7\u00f5es Unidas, Comando das For\u00e7as Combinadas, For\u00e7as dos EUA na Coreia, onde administrou uma diretoria de mais de 300 soldados americanos, coreanos e multinacionais, respons\u00e1veis por opera\u00e7\u00f5es, treinamento e exerc\u00edcios para todos os ramos das For\u00e7as Armadas que apoiavam a \u00e1rea de responsabilidade coreana.<\/p>\r\n\r\n\r\n\r\n<p>Em sua \u00faltima miss\u00e3o, Tom comandou o Primeiro Ex\u00e9rcito em Rock Island, Illinois, onde liderou mais de 7.500 soldados e civis espalhados pelos Estados Unidos e seus territ\u00f3rios. Ele foi respons\u00e1vel por viabilizar o treinamento, o desenvolvimento de lideran\u00e7a, a prontid\u00e3o e a capacidade de mobiliza\u00e7\u00e3o da Guarda Nacional e da Reserva do Ex\u00e9rcito: mais de 530.000 soldados representando o 521\u00ba Batalh\u00e3o de Treinamento e Treinamento (52%) da For\u00e7a Total do Ex\u00e9rcito.<\/p>\r\n\r\n\r\n\r\n<p>Tom tamb\u00e9m possui vasta experi\u00eancia em desenvolvimento de lideran\u00e7a. Ele atuou como diretor do Centro de Excel\u00eancia de Comando de Miss\u00e3o em Fort Leavenworth, Kansas, onde supervisionou os Centros de Lideran\u00e7a do Ex\u00e9rcito.<\/p>\r\n\r\n\r\n\r\n<p>Tom e Chelle consideram Greenville, Carolina do Sul, seu lar, onde vive a maior parte de sua fam\u00edlia. Eles s\u00e3o casados h\u00e1 mais de 30 anos e t\u00eam a b\u00ean\u00e7\u00e3o de tr\u00eas filhos maravilhosos.<\/p>","protected":false},"excerpt":{"rendered":"","protected":false},"featured_media":58421,"template":"","conference-years":[64],"class_list":["post-60029","conference-speakers","type-conference-speakers","status-publish","has-post-thumbnail","hentry","conference-years-2022-conference-speakers"],"acf":[],"_links":{"self":[{"href":"https:\/\/upstateinternational.org\/pt\/wp-json\/wp\/v2\/conference-speakers\/60029","targetHints":{"allow":["GET"]}}],"collection":[{"href":"https:\/\/upstateinternational.org\/pt\/wp-json\/wp\/v2\/conference-speakers"}],"about":[{"href":"https:\/\/upstateinternational.org\/pt\/wp-json\/wp\/v2\/types\/conference-speakers"}],"version-history":[{"count":0,"href":"https:\/\/upstateinternational.org\/pt\/wp-json\/wp\/v2\/conference-speakers\/60029\/revisions"}],"wp:featuredmedia":[{"embeddable":true,"href":"https:\/\/upstateinternational.org\/pt\/wp-json\/wp\/v2\/media\/58421"}],"wp:attachment":[{"href":"https:\/\/upstateinternational.org\/pt\/wp-json\/wp\/v2\/media?parent=60029"}],"wp:term":[{"taxonomy":"conference-years","embeddable":true,"href":"https:\/\/upstateinternational.org\/pt\/wp-json\/wp\/v2\/conference-years?post=60029"}],"curies":[{"name":"wp","href":"https:\/\/api.w.org\/{rel}","templated":true}]}}