{"id":60055,"date":"2023-05-15T18:05:00","date_gmt":"2023-05-15T22:05:00","guid":{"rendered":"https:\/\/localhost:10096\/conference-speakers\/alexander-schad\/"},"modified":"2023-08-22T22:35:04","modified_gmt":"2023-08-23T02:35:04","slug":"alexander-schad","status":"publish","type":"conference-speakers","link":"https:\/\/upstateinternational.org\/pt\/conference-speakers\/alexander-schad\/","title":{"rendered":"Alexandre Schad"},"content":{"rendered":"<p>Alexander Schad \u00e9 bacharel pela Universidade da Carolina do Sul e possui MBA pela Kellogg School of Business da Universidade Northwestern. Nos \u00faltimos 23 anos, trabalhou na Nedlloyd Lines (Coral Gables, Fl\u00f3rida) e na Frederic Schad (Rep\u00fablica Dominicana). Atualmente, \u00e9 Presidente do Conselho de Administra\u00e7\u00e3o desta \u00faltima, uma empresa regional de log\u00edstica que representa a DHL Global Forwarding em seis pa\u00edses do Caribe. Alexander foi presidente da Associa\u00e7\u00e3o Dominicana de Agentes de Carga (ADACAM), presidente da Associa\u00e7\u00e3o Dominicana de Operadores Log\u00edsticos (Asologic), tesoureiro da Associa\u00e7\u00e3o Latino-Americana de Agentes de Carga (ALACAT) e presidente do Comit\u00ea de Facilita\u00e7\u00e3o do Com\u00e9rcio da C\u00e2mara de Com\u00e9rcio Dominicano-Americana. Alexander \u00e9 membro do conselho de administra\u00e7\u00e3o da Frederic Schad, Haina International Terminals, DR Trade, Dragados del Caribe, Despachos Portuarios Hispaniola, entre outras.<\/p>","protected":false},"excerpt":{"rendered":"","protected":false},"featured_media":58427,"template":"","conference-years":[63],"class_list":["post-60055","conference-speakers","type-conference-speakers","status-publish","has-post-thumbnail","hentry","conference-years-2023-conference-speakers"],"acf":[],"_links":{"self":[{"href":"https:\/\/upstateinternational.org\/pt\/wp-json\/wp\/v2\/conference-speakers\/60055","targetHints":{"allow":["GET"]}}],"collection":[{"href":"https:\/\/upstateinternational.org\/pt\/wp-json\/wp\/v2\/conference-speakers"}],"about":[{"href":"https:\/\/upstateinternational.org\/pt\/wp-json\/wp\/v2\/types\/conference-speakers"}],"version-history":[{"count":0,"href":"https:\/\/upstateinternational.org\/pt\/wp-json\/wp\/v2\/conference-speakers\/60055\/revisions"}],"wp:featuredmedia":[{"embeddable":true,"href":"https:\/\/upstateinternational.org\/pt\/wp-json\/wp\/v2\/media\/58427"}],"wp:attachment":[{"href":"https:\/\/upstateinternational.org\/pt\/wp-json\/wp\/v2\/media?parent=60055"}],"wp:term":[{"taxonomy":"conference-years","embeddable":true,"href":"https:\/\/upstateinternational.org\/pt\/wp-json\/wp\/v2\/conference-years?post=60055"}],"curies":[{"name":"wp","href":"https:\/\/api.w.org\/{rel}","templated":true}]}}