{"id":60061,"date":"2023-06-09T13:29:00","date_gmt":"2023-06-09T17:29:00","guid":{"rendered":"https:\/\/localhost:10096\/conference-speakers\/katie-ovenden\/"},"modified":"2023-08-22T22:35:05","modified_gmt":"2023-08-23T02:35:05","slug":"katie-ovenden","status":"publish","type":"conference-speakers","link":"https:\/\/upstateinternational.org\/pt\/conference-speakers\/katie-ovenden\/","title":{"rendered":"Katie Ovenden"},"content":{"rendered":"<p>Katie Ovenden (Holba) atua como Gerente de Marketing de Campo para a Regi\u00e3o Sul da Volvo Cars USA, com sede em Ridgeville, Carolina do Sul, na unidade de produ\u00e7\u00e3o da Volvo Cars nos EUA. Em sua fun\u00e7\u00e3o, Katie trabalha de forma transversal para implementar a estrat\u00e9gia global de marketing de marca e produto da Volvo para o Sudeste dos EUA, abrangendo 13 estados, 7 mercados, 10 grupos de publicidade em \u00e1reas metropolitanas e 100 concession\u00e1rias Volvo. Ela trabalha em estreita colabora\u00e7\u00e3o com a rede de concession\u00e1rias para apoiar suas oportunidades de crescimento de volume e gerenciar ag\u00eancias parceiras externas para compartilhar a hist\u00f3ria da marca Volvo. O objetivo da Volvo Cars \u00e9 proporcionar aos clientes a Liberdade de Movimento de forma pessoal, sustent\u00e1vel e segura, como uma provedora de mobilidade de pr\u00f3xima gera\u00e7\u00e3o. A ambi\u00e7\u00e3o da Volvo Cars \u00e9 se tornar uma fabricante de carros totalmente el\u00e9tricos at\u00e9 2030 e est\u00e1 comprometida com a redu\u00e7\u00e3o cont\u00ednua de sua pegada de carbono, com a ambi\u00e7\u00e3o de ser uma empresa neutra em carbono at\u00e9 2040. Katie ocupou anteriormente cargos na Volvo Cars como Especialista em Estrat\u00e9gia Digital e Analista de Desenvolvimento de Neg\u00f3cios.<\/p>\n<p>Katie ingressou na Volvo Cars ap\u00f3s atuar como gerente de projetos na ag\u00eancia de desenvolvimento econ\u00f4mico da regi\u00e3o metropolitana de Charleston, a Charleston Regional Development Alliance (CRDA). L\u00e1, ela trabalhou como consultora e gerente de projetos para empresas nacionais e internacionais que avaliavam a regi\u00e3o metropolitana de Charleston como um poss\u00edvel local para investimentos. Essa posi\u00e7\u00e3o permitiu que ela trabalhasse com executivos de alto escal\u00e3o e viajasse nacional e internacionalmente para visitar sedes corporativas e instala\u00e7\u00f5es de produ\u00e7\u00e3o, al\u00e9m de participar de confer\u00eancias de com\u00e9rcio global. Ela trabalhou em diversos setores, incluindo: aeroespacial, automotivo, ci\u00eancias da vida, tecnologia da informa\u00e7\u00e3o e log\u00edstica avan\u00e7ada. Katie tamb\u00e9m apoiou o desenvolvimento da estrat\u00e9gia de Investimento Estrangeiro Direto (IED) de Charleston, o programa Landing Pad do Departamento de Com\u00e9rcio da Carolina do Sul para empresas internacionais e as iniciativas comunit\u00e1rias do Global Fluency.<\/p>\n<p>Katie mora em Mt. Pleasant com o marido, Will, e as duas filhas pequenas, Emma e Caroline. Ela possui dupla gradua\u00e7\u00e3o em Economia e Administra\u00e7\u00e3o de Empresas Internacionais, com especializa\u00e7\u00e3o em Pol\u00edtica Global, pela Universidade Clemson. Atualmente, cursa mestrado em Economia na mesma universidade.<\/p>","protected":false},"excerpt":{"rendered":"","protected":false},"featured_media":58438,"template":"","conference-years":[63],"class_list":["post-60061","conference-speakers","type-conference-speakers","status-publish","has-post-thumbnail","hentry","conference-years-2023-conference-speakers"],"acf":[],"_links":{"self":[{"href":"https:\/\/upstateinternational.org\/pt\/wp-json\/wp\/v2\/conference-speakers\/60061","targetHints":{"allow":["GET"]}}],"collection":[{"href":"https:\/\/upstateinternational.org\/pt\/wp-json\/wp\/v2\/conference-speakers"}],"about":[{"href":"https:\/\/upstateinternational.org\/pt\/wp-json\/wp\/v2\/types\/conference-speakers"}],"version-history":[{"count":0,"href":"https:\/\/upstateinternational.org\/pt\/wp-json\/wp\/v2\/conference-speakers\/60061\/revisions"}],"wp:featuredmedia":[{"embeddable":true,"href":"https:\/\/upstateinternational.org\/pt\/wp-json\/wp\/v2\/media\/58438"}],"wp:attachment":[{"href":"https:\/\/upstateinternational.org\/pt\/wp-json\/wp\/v2\/media?parent=60061"}],"wp:term":[{"taxonomy":"conference-years","embeddable":true,"href":"https:\/\/upstateinternational.org\/pt\/wp-json\/wp\/v2\/conference-years?post=60061"}],"curies":[{"name":"wp","href":"https:\/\/api.w.org\/{rel}","templated":true}]}}