{"id":62248,"date":"2023-09-28T10:25:00","date_gmt":"2023-09-28T14:25:00","guid":{"rendered":"https:\/\/localhost:10096\/conference-speakers\/carla-edwards\/"},"modified":"2023-10-20T05:53:04","modified_gmt":"2023-10-20T09:53:04","slug":"carla-edwards","status":"publish","type":"conference-speakers","link":"https:\/\/upstateinternational.org\/pt\/conference-speakers\/carla-edwards\/","title":{"rendered":"Carla Edwards"},"content":{"rendered":"<p>Carla Edwards atuou como Gerente de Programas Internacionais no Departamento de Educa\u00e7\u00e3o da Carolina do Sul antes de ingressar na Divis\u00e3o de Servi\u00e7os Empresariais do Departamento de Com\u00e9rcio como Gerente do Programa de Com\u00e9rcio Internacional, trazendo consigo uma vasta experi\u00eancia internacional.<\/p>\n<p>Ela nasceu em Angola, cresceu em Portugal, onde estudou e se formou em Rela\u00e7\u00f5es Internacionais, com especializa\u00e7\u00e3o em Economia e p\u00f3s-gradua\u00e7\u00e3o em Com\u00e9rcio Internacional. Como parte de seus estudos, Carla passou um ano na Universidade de W\u00fcrzburg, na Alemanha.<\/p>\n<p>Ela atuou como Consultora de Mercado e Com\u00e9rcio para a Ag\u00eancia Portuguesa de Com\u00e9rcio e Investimento em Hels\u00ednquia, Finl\u00e2ndia, e em Estocolmo, Su\u00e9cia, apoiando a internacionaliza\u00e7\u00e3o de empresas portuguesas atrav\u00e9s das exporta\u00e7\u00f5es.<\/p>\n<p>Este \u00e9 o segundo cargo que Carla ocupa no Departamento de Com\u00e9rcio da Carolina do Sul. Ela atuou como Gerente de Desenvolvimento Econ\u00f4mico logo ap\u00f3s se mudar para os Estados Unidos.<\/p>\n<p>Em sua fun\u00e7\u00e3o no Departamento de Com\u00e9rcio, Carla presta servi\u00e7os a exportadores da Carolina do Sul, tanto novos quanto j\u00e1 estabelecidos, que desejam expandir suas vendas internacionalmente. Ela tamb\u00e9m atua como Diretora da Carolina do Sul para o programa de subs\u00eddios para Expans\u00e3o do Com\u00e9rcio Estadual.<\/p>\n<p>Carla mora na Col\u00f4mbia com o marido e tr\u00eas filhos.<\/p>","protected":false},"excerpt":{"rendered":"","protected":false},"featured_media":62269,"template":"","conference-years":[63],"class_list":["post-62248","conference-speakers","type-conference-speakers","status-publish","has-post-thumbnail","hentry","conference-years-2023-conference-speakers"],"acf":[],"_links":{"self":[{"href":"https:\/\/upstateinternational.org\/pt\/wp-json\/wp\/v2\/conference-speakers\/62248","targetHints":{"allow":["GET"]}}],"collection":[{"href":"https:\/\/upstateinternational.org\/pt\/wp-json\/wp\/v2\/conference-speakers"}],"about":[{"href":"https:\/\/upstateinternational.org\/pt\/wp-json\/wp\/v2\/types\/conference-speakers"}],"version-history":[{"count":0,"href":"https:\/\/upstateinternational.org\/pt\/wp-json\/wp\/v2\/conference-speakers\/62248\/revisions"}],"wp:featuredmedia":[{"embeddable":true,"href":"https:\/\/upstateinternational.org\/pt\/wp-json\/wp\/v2\/media\/62269"}],"wp:attachment":[{"href":"https:\/\/upstateinternational.org\/pt\/wp-json\/wp\/v2\/media?parent=62248"}],"wp:term":[{"taxonomy":"conference-years","embeddable":true,"href":"https:\/\/upstateinternational.org\/pt\/wp-json\/wp\/v2\/conference-years?post=62248"}],"curies":[{"name":"wp","href":"https:\/\/api.w.org\/{rel}","templated":true}]}}